{"id":1374,"date":"2024-02-27T21:33:08","date_gmt":"2024-02-27T21:33:08","guid":{"rendered":"https:\/\/villaveyron.com\/la-villa\/"},"modified":"2024-06-21T11:22:48","modified_gmt":"2024-06-21T11:22:48","slug":"la-villa","status":"publish","type":"page","link":"https:\/\/villaveyron.com\/es\/la-villa\/","title":{"rendered":"La villa"},"content":{"rendered":"<p>[et_pb_section fb_built=\u00bb1&#8243; admin_label=\u00bbHeader\u00bb _builder_version=\u00bb4.25.1&#8243; use_background_color_gradient=\u00bbon\u00bb background_color_gradient_type=\u00bbcircular\u00bb background_color_gradient_direction_radial=\u00bbtop left\u00bb background_color_gradient_stops=\u00bbrgba(255,255,255,0.89) 10%|rgba(255,255,255,0) 80%\u00bb background_color_gradient_overlays_image=\u00bbon\u00bb background_color_gradient_start=\u00bbrgba(255,255,255,0.89)\u00bb background_color_gradient_start_position=\u00bb30%\u00bb background_color_gradient_end=\u00bbrgba(255,255,255,0)\u00bb background_color_gradient_end_position=\u00bb80%\u00bb background_image=\u00bbhttps:\/\/villaveyron.com\/wp-content\/uploads\/2024\/06\/vue-piscine.jpg\u00bb height=\u00bb600px\u00bb height_tablet=\u00bb\u00bb height_phone=\u00bb\u00bb height_last_edited=\u00bbon|tablet\u00bb max_height=\u00bb1000px\u00bb custom_margin=\u00bb|||\u00bb custom_padding=\u00bb8vw||8vw||true\u00bb global_colors_info=\u00bb{}\u00bb][et_pb_row _builder_version=\u00bb4.16&#8243; global_colors_info=\u00bb{}\u00bb][et_pb_column type=\u00bb4_4&#8243; _builder_version=\u00bb4.16&#8243; custom_padding=\u00bb|||\u00bb global_colors_info=\u00bb{}\u00bb custom_padding__hover=\u00bb|||\u00bb][et_pb_text _builder_version=\u00bb4.19.4&#8243; text_font=\u00bb||||||||\u00bb header_font=\u00bbAlice|700|||||||\u00bb header_font_size=\u00bb70px\u00bb header_line_height=\u00bb1.2em\u00bb header_5_font=\u00bbMontserrat|700||on|||||\u00bb header_5_text_color=\u00bb#000000&#8243; header_5_font_size=\u00bb23px\u00bb header_5_letter_spacing=\u00bb0.5em\u00bb header_5_line_height=\u00bb1.8em\u00bb animation_style=\u00bbzoom\u00bb animation_intensity_zoom=\u00bb5%\u00bb header_font_size_tablet=\u00bb48px\u00bb header_font_size_phone=\u00bb32px\u00bb header_font_size_last_edited=\u00bbon|phone\u00bb header_5_font_size_tablet=\u00bb14px\u00bb header_5_font_size_phone=\u00bb12px\u00bb header_5_font_size_last_edited=\u00bbon|desktop\u00bb global_colors_info=\u00bb{}\u00bb]<\/p>\n<h5>Acerca de<\/h5>\n<h1>LA VILLA<\/h1>\n<p>[\/et_pb_text][\/et_pb_column][\/et_pb_row][\/et_pb_section][et_pb_section fb_built=\u00bb1&#8243; admin_label=\u00bbAbout\u00bb _builder_version=\u00bb4.25.1&#8243; custom_margin=\u00bb||0px||false|false\u00bb custom_padding=\u00bb0px||0px||false|false\u00bb global_colors_info=\u00bb{}\u00bb][et_pb_row column_structure=\u00bb1_4,1_4,1_4,1_4&#8243; _builder_version=\u00bb4.19.4&#8243; width=\u00bb100%\u00bb use_custom_width=\u00bbon\u00bb custom_width_px=\u00bb510px\u00bb global_colors_info=\u00bb{}\u00bb][et_pb_column type=\u00bb1_4&#8243; _builder_version=\u00bb4.16&#8243; custom_padding=\u00bb|||\u00bb global_colors_info=\u00bb{}\u00bb custom_padding__hover=\u00bb|||\u00bb][et_pb_number_counter title=\u00bbHabitaciones\u00bb number=\u00bb4&#8243; percent_sign=\u00bboff\u00bb _builder_version=\u00bb4.25.1&#8243; title_font=\u00bbMontserrat||||||||\u00bb title_text_color=\u00bb#322D29&#8243; title_font_size=\u00bb16px\u00bb number_font=\u00bbRaleway|700|||||||\u00bb number_text_color=\u00bb#8C66F7&#8243; number_font_size=\u00bb48px\u00bb number_line_height=\u00bb100px\u00bb number_font_size_tablet=\u00bb48px\u00bb number_font_size_phone=\u00bb35px\u00bb number_font_size_last_edited=\u00bbon|phone\u00bb locked=\u00bboff\u00bb global_colors_info=\u00bb{}\u00bb][\/et_pb_number_counter][\/et_pb_column][et_pb_column type=\u00bb1_4&#8243; _builder_version=\u00bb4.16&#8243; custom_padding=\u00bb|||\u00bb global_colors_info=\u00bb{}\u00bb custom_padding__hover=\u00bb|||\u00bb][et_pb_number_counter title=\u00bbCuarto de ba\u00f1o\u00bb number=\u00bb2&#8243; percent_sign=\u00bboff\u00bb _builder_version=\u00bb4.19.4&#8243; title_font=\u00bbMontserrat||||||||\u00bb title_text_color=\u00bb#322D29&#8243; title_font_size=\u00bb16px\u00bb number_font=\u00bbRaleway|700|||||||\u00bb number_text_color=\u00bb#8C66F7&#8243; number_font_size=\u00bb48px\u00bb number_line_height=\u00bb100px\u00bb number_font_size_tablet=\u00bb48px\u00bb number_font_size_phone=\u00bb35px\u00bb number_font_size_last_edited=\u00bbon|phone\u00bb locked=\u00bboff\u00bb global_colors_info=\u00bb{}\u00bb][\/et_pb_number_counter][\/et_pb_column][et_pb_column type=\u00bb1_4&#8243; _builder_version=\u00bb4.16&#8243; custom_padding=\u00bb|||\u00bb global_colors_info=\u00bb{}\u00bb custom_padding__hover=\u00bb|||\u00bb][et_pb_number_counter title=\u00bbPiscina climatizada\u00bb number=\u00bb1&#8243; percent_sign=\u00bboff\u00bb _builder_version=\u00bb4.24.2&#8243; title_font=\u00bbMontserrat||||||||\u00bb title_text_color=\u00bb#322D29&#8243; title_font_size=\u00bb16px\u00bb number_font=\u00bbRaleway|700|||||||\u00bb number_text_color=\u00bb#8C66F7&#8243; number_font_size=\u00bb48px\u00bb number_line_height=\u00bb100px\u00bb number_font_size_tablet=\u00bb48px\u00bb number_font_size_phone=\u00bb35px\u00bb number_font_size_last_edited=\u00bbon|phone\u00bb locked=\u00bboff\u00bb global_colors_info=\u00bb{}\u00bb][\/et_pb_number_counter][\/et_pb_column][et_pb_column type=\u00bb1_4&#8243; _builder_version=\u00bb4.16&#8243; custom_padding=\u00bb|||\u00bb global_colors_info=\u00bb{}\u00bb custom_padding__hover=\u00bb|||\u00bb][et_pb_number_counter title=\u00bbJacuzzi\u00bb number=\u00bb1&#8243; percent_sign=\u00bboff\u00bb _builder_version=\u00bb4.19.4&#8243; title_font=\u00bbMontserrat||||||||\u00bb title_text_color=\u00bb#322D29&#8243; title_font_size=\u00bb16px\u00bb number_font=\u00bbRaleway|700|||||||\u00bb number_text_color=\u00bb#8C66F7&#8243; number_font_size=\u00bb48px\u00bb number_line_height=\u00bb100px\u00bb number_font_size_tablet=\u00bb48px\u00bb number_font_size_phone=\u00bb35px\u00bb number_font_size_last_edited=\u00bbon|phone\u00bb locked=\u00bboff\u00bb global_colors_info=\u00bb{}\u00bb][\/et_pb_number_counter][\/et_pb_column][\/et_pb_row][\/et_pb_section][et_pb_section fb_built=\u00bb1&#8243; custom_padding_last_edited=\u00bbon|phone\u00bb _builder_version=\u00bb4.25.1&#8243; _module_preset=\u00bbdefault\u00bb custom_margin_tablet=\u00bb\u00bb custom_margin_phone=\u00bb0px||-30px||false|false\u00bb custom_margin_last_edited=\u00bbon|phone\u00bb custom_padding_tablet=\u00bb\u00bb custom_padding_phone=\u00bb0px||||false|false\u00bb global_colors_info=\u00bb{}\u00bb][et_pb_row _builder_version=\u00bb4.25.1&#8243; _module_preset=\u00bbdefault\u00bb global_colors_info=\u00bb{}\u00bb][et_pb_column type=\u00bb4_4&#8243; _builder_version=\u00bb4.25.1&#8243; _module_preset=\u00bbdefault\u00bb global_colors_info=\u00bb{}\u00bb][et_pb_text content_tablet=\u00bb<\/p>\n<h2>CASA DE VACACIONES AMUEBLADA &#8211; VILLAVEYRON<\/h2>\n<p style=%22text-align: justify;%22>Discretamente enclavado entre algunos de los <strong>pueblos<\/strong> m\u00e1s bellos <strong>de Francia<\/strong>, en el norte de<a href=%22https:\/\/www.tourisme-aveyron.com%22 data-et-target-link=%22_blank%22 rel=%22noopener%22>Aveyron<\/a>, <strong>Villaveyron<\/strong> es un remanso de lujo y serenidad. A s\u00f3lo 30 minutos de <strong>Rodez<\/strong>, a 1 hora de<strong>Aubrac<\/strong> y <strong>Cantal<\/strong>, ven a recargar las pilas al ritmo de la <strong>naturaleza<\/strong> y de tus deseos, en nuestro <strong>alojamiento de vacaciones con cocina de Villaveyron<\/strong>.<\/p>\n<p>\u00bb content_phone=\u00bb<\/p>\n<h2 style=%22text-align: center;%22>VILLAVEYRON<\/h2>\n<p>Discretamente enclavado entre algunos de los <strong>pueblos<\/strong> m\u00e1s bellos <strong>de Francia<\/strong>, en el norte de<a href=%22https:\/\/www.tourisme-aveyron.com%22 data-et-target-link=%22_blank%22 rel=%22noopener%22>Aveyron<\/a>, <strong>Villaveyron<\/strong> es un remanso de lujo y serenidad. A s\u00f3lo 30 minutos de <strong>Rodez<\/strong>, a 1 hora de<strong>Aubrac<\/strong> y <strong>Cantal<\/strong>, ven a recargar las pilas al ritmo de la <strong>naturaleza<\/strong> y de tus deseos, en nuestro <strong>alojamiento de vacaciones con cocina de Villaveyron<\/strong>.<\/p>\n<p>\u00bb content_last_edited=\u00bbon|phone\u00bb _builder_version=\u00bb4.25.1&#8243; text_font=\u00bb||||||||\u00bb text_line_height=\u00bb2em\u00bb link_text_color=\u00bb#8C66F7&#8243; header_font=\u00bb||||||||\u00bb header_2_font=\u00bbAlice|700|||||||\u00bb header_2_font_size=\u00bb36px\u00bb header_2_line_height=\u00bb1.2em\u00bb header_6_font=\u00bbMontserrat|700||on|||||\u00bb header_6_font_size=\u00bb16px\u00bb header_6_letter_spacing=\u00bb5px\u00bb header_6_line_height=\u00bb1.8em\u00bb text_orientation=\u00bbcenter\u00bb max_width=\u00bb700px\u00bb module_alignment=\u00bbcenter\u00bb text_font_size_tablet=\u00bb\u00bb text_font_size_phone=\u00bb16px\u00bb text_font_size_last_edited=\u00bbon|phone\u00bb header_2_font_size_tablet=\u00bb30px\u00bb header_2_font_size_phone=\u00bb25px\u00bb header_2_font_size_last_edited=\u00bbon|phone\u00bb text_orientation_tablet=\u00bbcenter\u00bb text_orientation_phone=\u00bbjustified\u00bb text_orientation_last_edited=\u00bbon|phone\u00bb global_colors_info=\u00bb{}\u00bb]<\/p>\n<h2>CASA DE VACACIONES AMUEBLADA &#8211; VILLAVEYRON<\/h2>\n<p style=\"text-align: justify;\">Discretamente enclavado entre algunos de los <strong>pueblos<\/strong> m\u00e1s bellos <strong>de Francia<\/strong>, en el norte de<a href=\"https:\/\/www.tourisme-aveyron.com\" target=\"_blank\" rel=\"noopener\">Aveyron<\/a>, <strong>Villaveyron<\/strong> es un remanso de lujo y serenidad. A s\u00f3lo 30 minutos de <strong>Rodez<\/strong>, a 1 hora de<strong>Aubrac<\/strong> y <strong>Cantal<\/strong>, ven a recargar las pilas al ritmo de la <strong>naturaleza<\/strong> y de tus deseos, en nuestro <strong>alojamiento de vacaciones con cocina de Villaveyron<\/strong>.<\/p>\n<p>[\/et_pb_text][\/et_pb_column][\/et_pb_row][et_pb_row disabled_on=\u00bboff|off|on\u00bb _builder_version=\u00bb4.25.1&#8243; _module_preset=\u00bbdefault\u00bb global_colors_info=\u00bb{}\u00bb][et_pb_column type=\u00bb4_4&#8243; _builder_version=\u00bb4.25.1&#8243; _module_preset=\u00bbdefault\u00bb global_colors_info=\u00bb{}\u00bb][et_pb_image src=\u00bbhttps:\/\/villaveyron.com\/wp-content\/uploads\/2024\/06\/villaveyron-face-nord.jpg\u00bb alt=\u00bbVilla-villaveyron\u00bb title_text=\u00bbvillaveyron-face-nord\u00bb _builder_version=\u00bb4.25.1&#8243; _module_preset=\u00bbdefault\u00bb global_colors_info=\u00bb{}\u00bb][\/et_pb_image][\/et_pb_column][\/et_pb_row][\/et_pb_section][et_pb_section fb_built=\u00bb1&#8243; _builder_version=\u00bb4.25.1&#8243; _module_preset=\u00bbdefault\u00bb custom_padding=\u00bb0px||0px||false|false\u00bb global_colors_info=\u00bb{}\u00bb][et_pb_row disabled_on=\u00bbon|on|off\u00bb _builder_version=\u00bb4.25.1&#8243; _module_preset=\u00bbdefault\u00bb global_colors_info=\u00bb{}\u00bb][et_pb_column type=\u00bb4_4&#8243; _builder_version=\u00bb4.25.1&#8243; _module_preset=\u00bbdefault\u00bb global_colors_info=\u00bb{}\u00bb][et_pb_image src=\u00bbhttps:\/\/villaveyron.com\/wp-content\/uploads\/2024\/06\/20230528_092114223_iOS-002-1.jpg\u00bb alt=\u00bbVillaveyron-villa-luxe\u00bb title_text=\u00bbVillaveyron-villa-luxe\u00bb _builder_version=\u00bb4.25.1&#8243; _module_preset=\u00bbdefault\u00bb global_colors_info=\u00bb{}\u00bb][\/et_pb_image][\/et_pb_column][\/et_pb_row][et_pb_row column_structure=\u00bb1_4,1_4,1_4,1_4&#8243; _builder_version=\u00bb4.25.1&#8243; _module_preset=\u00bbdefault\u00bb global_colors_info=\u00bb{}\u00bb][et_pb_column type=\u00bb1_4&#8243; _builder_version=\u00bb4.25.1&#8243; _module_preset=\u00bbdefault\u00bb global_colors_info=\u00bb{}\u00bb][et_pb_image src=\u00bbhttps:\/\/villaveyron.com\/wp-content\/uploads\/2024\/05\/Salon-piano-Villaveyron.jpg\u00bb alt=\u00bbSal\u00f3n-piano-Villaveyron\u00bb title_text=\u00bbSal\u00f3n-piano-Villaveyron\u00bb _builder_version=\u00bb4.25.1&#8243; _module_preset=\u00bbdefault\u00bb global_colors_info=\u00bb{}\u00bb][\/et_pb_image][\/et_pb_column][et_pb_column type=\u00bb1_4&#8243; _builder_version=\u00bb4.25.1&#8243; _module_preset=\u00bbdefault\u00bb global_colors_info=\u00bb{}\u00bb][et_pb_image src=\u00bbhttps:\/\/villaveyron.com\/wp-content\/uploads\/2024\/05\/Salon-Villaveyron.jpg\u00bb alt=\u00bbSal\u00f3n-Villaveyron\u00bb title_text=\u00bbSal\u00f3n-Villaveyron\u00bb _builder_version=\u00bb4.25.1&#8243; _module_preset=\u00bbdefault\u00bb global_colors_info=\u00bb{}\u00bb][\/et_pb_image][\/et_pb_column][et_pb_column type=\u00bb1_4&#8243; _builder_version=\u00bb4.25.1&#8243; _module_preset=\u00bbdefault\u00bb global_colors_info=\u00bb{}\u00bb][et_pb_image src=\u00bbhttps:\/\/villaveyron.com\/wp-content\/uploads\/2024\/05\/Table-a-manger-Villaveyron.jpg\u00bb alt=\u00bbTable-a-manger-Villaveyron\u00bb title_text=\u00bbTable-a-manger-Villaveyron\u00bb _builder_version=\u00bb4.25.1&#8243; _module_preset=\u00bbdefault\u00bb global_colors_info=\u00bb{}\u00bb][\/et_pb_image][\/et_pb_column][et_pb_column type=\u00bb1_4&#8243; _builder_version=\u00bb4.25.1&#8243; _module_preset=\u00bbdefault\u00bb global_colors_info=\u00bb{}\u00bb][et_pb_image src=\u00bbhttps:\/\/villaveyron.com\/wp-content\/uploads\/2024\/05\/Table-Villaveyron.jpg\u00bb alt=\u00bbMesa-Villaveyron\u00bb title_text=\u00bbMesa-Villaveyron\u00bb _builder_version=\u00bb4.25.1&#8243; _module_preset=\u00bbdefault\u00bb global_colors_info=\u00bb{}\u00bb][\/et_pb_image][\/et_pb_column][\/et_pb_row][\/et_pb_section][et_pb_section fb_built=\u00bb1&#8243; _builder_version=\u00bb4.25.1&#8243; _module_preset=\u00bbdefault\u00bb custom_margin=\u00bb0px||||false|false\u00bb custom_padding=\u00bb50px||||false|false\u00bb global_colors_info=\u00bb{}\u00bb][et_pb_row _builder_version=\u00bb4.25.1&#8243; _module_preset=\u00bbdefault\u00bb custom_padding=\u00bb0px||||false|false\u00bb global_colors_info=\u00bb{}\u00bb][et_pb_column type=\u00bb4_4&#8243; _builder_version=\u00bb4.25.1&#8243; _module_preset=\u00bbdefault\u00bb global_colors_info=\u00bb{}\u00bb][et_pb_text _builder_version=\u00bb4.25.1&#8243; text_font=\u00bb||||||||\u00bb text_line_height=\u00bb2em\u00bb header_font=\u00bb||||||||\u00bb header_2_font=\u00bbAlice|700|||||||\u00bb header_2_font_size=\u00bb40px\u00bb header_2_line_height=\u00bb1.2em\u00bb header_6_font=\u00bbRaleway|700||on|||||\u00bb header_6_font_size=\u00bb16px\u00bb header_6_letter_spacing=\u00bb5px\u00bb header_6_line_height=\u00bb1.8em\u00bb text_orientation=\u00bbcenter\u00bb max_width=\u00bb700px\u00bb module_alignment=\u00bbcenter\u00bb custom_margin=\u00bb-2px||||false|false\u00bb custom_margin_tablet=\u00bb\u00bb custom_margin_phone=\u00bb20px||||false|false\u00bb custom_margin_last_edited=\u00bbon|phone\u00bb text_font_size_tablet=\u00bb\u00bb text_font_size_phone=\u00bb16px\u00bb text_font_size_last_edited=\u00bbon|phone\u00bb header_2_font_size_tablet=\u00bb35px\u00bb header_2_font_size_phone=\u00bb25px\u00bb header_2_font_size_last_edited=\u00bbon|phone\u00bb text_orientation_tablet=\u00bbjustified\u00bb text_orientation_phone=\u00bbjustified\u00bb text_orientation_last_edited=\u00bbon|phone\u00bb global_colors_info=\u00bb{}\u00bb]<\/p>\n<h6 style=\"text-align: center;\">Acerca de tus anfitriones<\/h6>\n<h2 style=\"text-align: center;\">David y Ana<\/h2>\n<p>Tras varias vacaciones en el<strong>Aveyron<\/strong>, Anne y David se enamoraron de esta magn\u00edfica propiedad de m\u00e1s de 230 m2, enclavada en la hermosa <strong>aldea de Le Garric<\/strong>. Tras a\u00f1adir lujo a la serenidad de su entorno verde de m\u00e1s de 5000 m2 bordeado de \u00e1rboles frutales, env\u00edan el mensaje \u00ab\u00a1Vis l&#8217;Aveyron!\u00bb a todos los amantes de la naturaleza ofreci\u00e9ndoles una <strong>estancia<\/strong> inolvidable en esta <strong>Villa<\/strong> llamada <strong>\u00abVillaveyron<\/strong> \u00ab.<\/p>\n<p>[\/et_pb_text][\/et_pb_column][\/et_pb_row][\/et_pb_section][et_pb_section fb_built=\u00bb1&#8243; disabled_on=\u00bbon|on|off\u00bb _builder_version=\u00bb4.24.2&#8243; _module_preset=\u00bbdefault\u00bb background_color=\u00bb#8C66F7&#8243; custom_margin=\u00bb0px||0px||false|false\u00bb custom_padding=\u00bb0px||0px||false|false\u00bb locked=\u00bboff\u00bb global_colors_info=\u00bb{}\u00bb][et_pb_row column_structure=\u00bb1_4,1_4,1_4,1_4&#8243; _builder_version=\u00bb4.19.4&#8243; _module_preset=\u00bbdefault\u00bb min_height=\u00bb0px\u00bb custom_margin=\u00bb0px|auto|0px|auto|false|false\u00bb custom_padding=\u00bb20px||20px||false|false\u00bb global_colors_info=\u00bb{}\u00bb][et_pb_column type=\u00bb1_4&#8243; _builder_version=\u00bb4.19.4&#8243; _module_preset=\u00bbdefault\u00bb global_colors_info=\u00bb{}\u00bb][et_pb_blurb title=\u00bbRoussennac\u00bb use_icon=\u00bbon\u00bb font_icon=\u00bb&#xe081;||divi||400&#8243; icon_color=\u00bb#FFFFFF\u00bb icon_placement=\u00bbleft\u00bb image_icon_width=\u00bb24px\u00bb _builder_version=\u00bb4.19.4&#8243; header_level=\u00bbh5&#8243; header_font=\u00bbRaleway|700|||||||\u00bb header_text_color=\u00bb#FFFFFF\u00bb header_line_height=\u00bb1.4em\u00bb body_text_color=\u00bb#FFFFFF\u00bb custom_padding=\u00bb10px||||false|false\u00bb icon_font_size=\u00bb24px\u00bb global_colors_info=\u00bb{}\u00bb][\/et_pb_blurb][\/et_pb_column][et_pb_column type=\u00bb1_4&#8243; _builder_version=\u00bb4.19.4&#8243; _module_preset=\u00bbdefault\u00bb global_colors_info=\u00bb{}\u00bb][et_pb_blurb title=\u00bb230 m\u00b2\u00bb use_icon=\u00bbon\u00bb font_icon=\u00bb&#xf015;||fa||900&#8243; icon_color=\u00bb#FFFFFF\u00bb icon_placement=\u00bbleft\u00bb image_icon_width=\u00bb24px\u00bb _builder_version=\u00bb4.19.4&#8243; header_level=\u00bbh5&#8243; header_font=\u00bbRaleway|700|||||||\u00bb header_text_color=\u00bb#FFFFFF\u00bb header_line_height=\u00bb1.4em\u00bb body_text_color=\u00bb#FFFFFF\u00bb custom_padding=\u00bb10px||||false|false\u00bb icon_font_size=\u00bb24px\u00bb global_colors_info=\u00bb{}\u00bb][\/et_pb_blurb][\/et_pb_column][et_pb_column type=\u00bb1_4&#8243; _builder_version=\u00bb4.19.4&#8243; _module_preset=\u00bbdefault\u00bb global_colors_info=\u00bb{}\u00bb][et_pb_blurb title=\u00bb8 personas\u00bb use_icon=\u00bbon\u00bb font_icon=\u00bb&#xf007;||fa||900&#8243; icon_color=\u00bb#FFFFFF\u00bb icon_placement=\u00bbleft\u00bb image_icon_width=\u00bb24px\u00bb _builder_version=\u00bb4.19.4&#8243; header_level=\u00bbh5&#8243; header_font=\u00bbRaleway|700|||||||\u00bb header_text_color=\u00bb#FFFFFF\u00bb header_line_height=\u00bb1.4em\u00bb body_text_color=\u00bb#FFFFFF\u00bb custom_padding=\u00bb10px||||false|false\u00bb icon_font_size=\u00bb24px\u00bb global_colors_info=\u00bb{}\u00bb][\/et_pb_blurb][\/et_pb_column][et_pb_column type=\u00bb1_4&#8243; _builder_version=\u00bb4.19.4&#8243; _module_preset=\u00bbdefault\u00bb global_colors_info=\u00bb{}\u00bb][et_pb_button button_url=\u00bbhttps:\/\/gite-et-bien.fr\/gestion\/geb_booking.php?r=RDMxVE5RdzFCR2xiQlZNbkFDUUJQZ1JxRHp3RFlRYzJBSDlTTlFVdlZUcFdJRlFLWFhkU0lBUTRWV1pWT1ZSa1ZUTT0%3D\u00bb url_new_window=\u00bbon\u00bb button_text=\u00bbReserva el chalet\u00bb button_alignment=\u00bbleft\u00bb _builder_version=\u00bb4.25.1&#8243; _module_preset=\u00bbdefault\u00bb custom_button=\u00bbon\u00bb button_text_size=\u00bb16px\u00bb button_text_color=\u00bb#FFFFFF\u00bb button_bg_color=\u00bbRGBA(255,255,255,0)\u00bb button_border_width=\u00bb2px\u00bb button_border_color=\u00bb#FFFFFF\u00bb button_border_radius=\u00bb2px\u00bb custom_margin=\u00bb||||false|false\u00bb global_colors_info=\u00bb{}\u00bb][\/et_pb_button][\/et_pb_column][\/et_pb_row][\/et_pb_section][et_pb_section fb_built=\u00bb1&#8243; disabled_on=\u00bboff|off|on\u00bb _builder_version=\u00bb4.24.2&#8243; _module_preset=\u00bbdefault\u00bb background_color=\u00bbRGBA(255,255,255,0)\u00bb custom_margin=\u00bb0px||0px||false|false\u00bb custom_padding=\u00bb0px||0px||false|false\u00bb locked=\u00bboff\u00bb global_colors_info=\u00bb{}\u00bb][et_pb_row column_structure=\u00bb1_4,1_4,1_4,1_4&#8243; _builder_version=\u00bb4.19.4&#8243; _module_preset=\u00bbdefault\u00bb min_height=\u00bb0px\u00bb custom_margin=\u00bb0px|auto|0px|auto|false|false\u00bb custom_padding=\u00bb20px||20px||false|false\u00bb global_colors_info=\u00bb{}\u00bb][et_pb_column type=\u00bb1_4&#8243; _builder_version=\u00bb4.19.4&#8243; _module_preset=\u00bbdefault\u00bb global_colors_info=\u00bb{}\u00bb][et_pb_blurb title=\u00bbRoussennac\u00bb use_icon=\u00bbon\u00bb font_icon=\u00bb&#xe081;||divi||400&#8243; icon_color=\u00bb#8C66F7&#8243; icon_placement=\u00bbleft\u00bb image_icon_width=\u00bb24px\u00bb _builder_version=\u00bb4.25.1&#8243; header_level=\u00bbh5&#8243; header_font=\u00bbRaleway|700|||||||\u00bb header_text_color=\u00bb#8C66F7&#8243; header_line_height=\u00bb1.4em\u00bb body_text_color=\u00bb#8C66F7&#8243; custom_padding=\u00bb10px||||false|false\u00bb header_font_size_tablet=\u00bb\u00bb header_font_size_phone=\u00bb16px\u00bb header_font_size_last_edited=\u00bbon|phone\u00bb icon_font_size=\u00bb24px\u00bb global_colors_info=\u00bb{}\u00bb][\/et_pb_blurb][\/et_pb_column][et_pb_column type=\u00bb1_4&#8243; _builder_version=\u00bb4.19.4&#8243; _module_preset=\u00bbdefault\u00bb global_colors_info=\u00bb{}\u00bb][et_pb_blurb title=\u00bb230 m\u00b2\u00bb use_icon=\u00bbon\u00bb font_icon=\u00bb&#xf015;||fa||900&#8243; icon_color=\u00bb#8C66F7&#8243; icon_placement=\u00bbleft\u00bb image_icon_width=\u00bb24px\u00bb _builder_version=\u00bb4.19.4&#8243; header_level=\u00bbh5&#8243; header_font=\u00bbRaleway|700|||||||\u00bb header_text_color=\u00bb#8C66F7&#8243; header_line_height=\u00bb1.4em\u00bb body_text_color=\u00bb#8C66F7&#8243; custom_padding=\u00bb10px||||false|false\u00bb icon_font_size=\u00bb24px\u00bb global_colors_info=\u00bb{}\u00bb][\/et_pb_blurb][\/et_pb_column][et_pb_column type=\u00bb1_4&#8243; _builder_version=\u00bb4.19.4&#8243; _module_preset=\u00bbdefault\u00bb global_colors_info=\u00bb{}\u00bb][et_pb_blurb title=\u00bb8 personas\u00bb use_icon=\u00bbon\u00bb font_icon=\u00bb&#xf007;||fa||900&#8243; icon_color=\u00bb#8C66F7&#8243; icon_placement=\u00bbleft\u00bb image_icon_width=\u00bb24px\u00bb _builder_version=\u00bb4.19.4&#8243; header_level=\u00bbh5&#8243; header_font=\u00bbRaleway|700|||||||\u00bb header_text_color=\u00bb#8C66F7&#8243; header_line_height=\u00bb1.4em\u00bb body_text_color=\u00bb#8C66F7&#8243; custom_padding=\u00bb10px||||false|false\u00bb icon_font_size=\u00bb24px\u00bb global_colors_info=\u00bb{}\u00bb][\/et_pb_blurb][\/et_pb_column][et_pb_column type=\u00bb1_4&#8243; _builder_version=\u00bb4.19.4&#8243; _module_preset=\u00bbdefault\u00bb global_colors_info=\u00bb{}\u00bb][et_pb_button button_url=\u00bbhttps:\/\/gite-et-bien.fr\/gestion\/geb_booking.php?r=RDMxVE5RdzFCR2xiQlZNbkFDUUJQZ1JxRHp3RFlRYzJBSDlTTlFVdlZUcFdJRlFLWFhkU0lBUTRWV1pWT1ZSa1ZUTT0%3D\u00bb url_new_window=\u00bbon\u00bb button_text=\u00bbReserva el chalet\u00bb button_alignment=\u00bbleft\u00bb _builder_version=\u00bb4.25.1&#8243; _module_preset=\u00bbdefault\u00bb custom_button=\u00bbon\u00bb button_text_size=\u00bb16px\u00bb button_text_color=\u00bb#8C66F7&#8243; button_bg_color=\u00bbRGBA(255,255,255,0)\u00bb button_border_width=\u00bb2px\u00bb button_border_color=\u00bb#8C66F7&#8243; button_border_radius=\u00bb2px\u00bb custom_margin=\u00bb||||false|false\u00bb button_text_size_tablet=\u00bb16px\u00bb button_text_size_phone=\u00bb16px\u00bb button_text_size_last_edited=\u00bbon|phone\u00bb global_colors_info=\u00bb{}\u00bb][\/et_pb_button][\/et_pb_column][\/et_pb_row][\/et_pb_section][et_pb_section fb_built=\u00bb1&#8243; custom_padding_last_edited=\u00bbon|desktop\u00bb _builder_version=\u00bb4.25.1&#8243; _module_preset=\u00bbdefault\u00bb custom_padding=\u00bb30px||0px||false|false\u00bb custom_padding_tablet=\u00bb20px||0px||false|false\u00bb custom_padding_phone=\u00bb20px||0px||false|false\u00bb global_colors_info=\u00bb{}\u00bb][et_pb_row _builder_version=\u00bb4.25.1&#8243; _module_preset=\u00bbdefault\u00bb global_colors_info=\u00bb{}\u00bb][et_pb_column type=\u00bb4_4&#8243; _builder_version=\u00bb4.25.1&#8243; _module_preset=\u00bbdefault\u00bb global_colors_info=\u00bb{}\u00bb][et_pb_text _builder_version=\u00bb4.25.1&#8243; _module_preset=\u00bbdefault\u00bb text_font=\u00bb|600|||||||\u00bb link_text_color=\u00bb#8C66F7&#8243; text_orientation=\u00bbcenter\u00bb text_font_size_tablet=\u00bb\u00bb text_font_size_phone=\u00bb16px\u00bb text_font_size_last_edited=\u00bbon|phone\u00bb text_orientation_tablet=\u00bbcenter\u00bb text_orientation_phone=\u00bbjustified\u00bb text_orientation_last_edited=\u00bbon|phone\u00bb global_colors_info=\u00bb{}\u00bb]<\/p>\n<p>Una magn\u00edfica aldea llamada Le Garric te conduce entre 2 fresnos hasta las puertas de <a href=\"https:\/\/www.tourisme-aveyron.com\/fr\/diffusio\/locations-vacances\/villaveyron-roussennac_TFO517656964424\" target=\"_blank\" rel=\"noopener\">Villaveyron<\/a>, una propiedad de 5000 m2.<\/p>\n<p>[\/et_pb_text][\/et_pb_column][\/et_pb_row][\/et_pb_section][et_pb_section fb_built=\u00bb1&#8243; _builder_version=\u00bb4.25.1&#8243; _module_preset=\u00bbdefault\u00bb custom_padding=\u00bb0px||||false|false\u00bb global_colors_info=\u00bb{}\u00bb][et_pb_row column_structure=\u00bb1_2,1_2&#8243; _builder_version=\u00bb4.25.1&#8243; _module_preset=\u00bbdefault\u00bb global_colors_info=\u00bb{}\u00bb][et_pb_column type=\u00bb1_2&#8243; _builder_version=\u00bb4.25.1&#8243; _module_preset=\u00bbdefault\u00bb global_colors_info=\u00bb{}\u00bb][et_pb_slider _builder_version=\u00bb4.25.1&#8243; _module_preset=\u00bbdefault\u00bb background_image=\u00bbhttps:\/\/villaveyron.com\/wp-content\/uploads\/2024\/06\/Vue-aerienne-1.jpg\u00bb global_colors_info=\u00bb{}\u00bb][et_pb_slide _builder_version=\u00bb4.25.1&#8243; _module_preset=\u00bbdefault\u00bb global_colors_info=\u00bb{}\u00bb sticky_transition=\u00bbon\u00bb][\/et_pb_slide][et_pb_slide _builder_version=\u00bb4.25.1&#8243; _module_preset=\u00bbdefault\u00bb background_enable_color=\u00bboff\u00bb background_image=\u00bbhttps:\/\/villaveyron.com\/wp-content\/uploads\/2024\/06\/vue-aerienne-2-1.jpg\u00bb background_enable_image=\u00bbon\u00bb global_colors_info=\u00bb{}\u00bb sticky_transition=\u00bbon\u00bb]<\/p>\n<p>&nbsp;<\/p>\n<p>&nbsp;<\/p>\n<p>&nbsp;<\/p>\n<p>&nbsp;<\/p>\n<p>&nbsp;<\/p>\n<p>&nbsp;<\/p>\n<p>&nbsp;<\/p>\n<p>[\/et_pb_slide][et_pb_slide _builder_version=\u00bb4.25.1&#8243; _module_preset=\u00bbdefault\u00bb background_enable_color=\u00bboff\u00bb background_image=\u00bbhttps:\/\/villaveyron.com\/wp-content\/uploads\/2024\/06\/IMG_6890.jpg\u00bb background_enable_image=\u00bbon\u00bb global_colors_info=\u00bb{}\u00bb sticky_transition=\u00bbon\u00bb]<\/p>\n<p>&nbsp;<\/p>\n<p>&nbsp;<\/p>\n<p>&nbsp;<\/p>\n<p>&nbsp;<\/p>\n<p>&nbsp;<\/p>\n<p>&nbsp;<\/p>\n<p>&nbsp;<\/p>\n<p>[\/et_pb_slide][\/et_pb_slider][et_pb_text _builder_version=\u00bb4.25.1&#8243; _module_preset=\u00bbdefault\u00bb header_5_font=\u00bbMontserrat||||||||\u00bb header_6_font=\u00bbMontserrat||||||||\u00bb header_6_font_size=\u00bb25px\u00bb header_6_font_size_tablet=\u00bb25px\u00bb header_6_font_size_phone=\u00bb20px\u00bb header_6_font_size_last_edited=\u00bbon|phone\u00bb global_colors_info=\u00bb{}\u00bb]<\/p>\n<h6>VISTA A\u00c9REA<\/h6>\n<p>Privacidad en un entorno verde y tranquilo, cerca de bellos lugares que visitar y de numerosas actividades de ocio sea cual sea la estaci\u00f3n de tu estancia.<\/p>\n<p>[\/et_pb_text][\/et_pb_column][et_pb_column type=\u00bb1_2&#8243; _builder_version=\u00bb4.25.1&#8243; _module_preset=\u00bbdefault\u00bb global_colors_info=\u00bb{}\u00bb][et_pb_slider _builder_version=\u00bb4.25.1&#8243; _module_preset=\u00bbdefault\u00bb background_image=\u00bbhttps:\/\/villaveyron.com\/wp-content\/uploads\/2024\/06\/Vue-aerienne-1.jpg\u00bb global_colors_info=\u00bb{}\u00bb][et_pb_slide _builder_version=\u00bb4.25.1&#8243; _module_preset=\u00bbdefault\u00bb background_enable_color=\u00bboff\u00bb background_image=\u00bbhttps:\/\/villaveyron.com\/wp-content\/uploads\/2024\/06\/villaveyron-face-nord-1.jpg\u00bb background_enable_image=\u00bbon\u00bb global_colors_info=\u00bb{}\u00bb sticky_transition=\u00bbon\u00bb][\/et_pb_slide][et_pb_slide _builder_version=\u00bb4.25.1&#8243; _module_preset=\u00bbdefault\u00bb background_enable_color=\u00bboff\u00bb background_image=\u00bbhttps:\/\/villaveyron.com\/wp-content\/uploads\/2024\/06\/chemin-le-garric-1.jpg\u00bb background_enable_image=\u00bbon\u00bb global_colors_info=\u00bb{}\u00bb sticky_transition=\u00bbon\u00bb]<\/p>\n<p>&nbsp;<\/p>\n<p>&nbsp;<\/p>\n<p>&nbsp;<\/p>\n<p>&nbsp;<\/p>\n<p>&nbsp;<\/p>\n<p>&nbsp;<\/p>\n<p>&nbsp;<\/p>\n<p>[\/et_pb_slide][et_pb_slide _builder_version=\u00bb4.25.1&#8243; _module_preset=\u00bbdefault\u00bb background_enable_color=\u00bboff\u00bb background_image=\u00bbhttps:\/\/villaveyron.com\/wp-content\/uploads\/2024\/06\/Jardin-1.jpg\u00bb background_enable_image=\u00bbon\u00bb global_colors_info=\u00bb{}\u00bb sticky_transition=\u00bbon\u00bb]<\/p>\n<p>&nbsp;<\/p>\n<p>&nbsp;<\/p>\n<p>&nbsp;<\/p>\n<p>&nbsp;<\/p>\n<p>&nbsp;<\/p>\n<p>&nbsp;<\/p>\n<p>&nbsp;<\/p>\n<p>[\/et_pb_slide][et_pb_slide _builder_version=\u00bb4.25.1&#8243; _module_preset=\u00bbdefault\u00bb background_enable_color=\u00bboff\u00bb background_image=\u00bbhttps:\/\/villaveyron.com\/wp-content\/uploads\/2024\/06\/20230528_092114223_iOS-002-1.jpg\u00bb background_enable_image=\u00bbon\u00bb global_colors_info=\u00bb{}\u00bb sticky_transition=\u00bbon\u00bb]<\/p>\n<p>&nbsp;<\/p>\n<p>&nbsp;<\/p>\n<p>&nbsp;<\/p>\n<p>&nbsp;<\/p>\n<p>&nbsp;<\/p>\n<p>&nbsp;<\/p>\n<p>&nbsp;<\/p>\n<p>[\/et_pb_slide][\/et_pb_slider][et_pb_text _builder_version=\u00bb4.25.1&#8243; _module_preset=\u00bbdefault\u00bb header_5_font=\u00bbMontserrat||||||||\u00bb header_6_font=\u00bbMontserrat||||||||\u00bb header_6_font_size=\u00bb25px\u00bb header_6_font_size_tablet=\u00bb25px\u00bb header_6_font_size_phone=\u00bb20px\u00bb header_6_font_size_last_edited=\u00bbon|phone\u00bb global_colors_info=\u00bb{}\u00bb]<\/p>\n<h6>MEDIO AMBIENTE<\/h6>\n<p>Te dar\u00e1 la bienvenida una amplia zona de aparcamiento privado, un garaje doble automatizado, iluminaci\u00f3n exterior autom\u00e1tica y un bolardo el\u00e9ctrico.<\/p>\n<p>[\/et_pb_text][\/et_pb_column][\/et_pb_row][et_pb_row column_structure=\u00bb1_2,1_2&#8243; _builder_version=\u00bb4.25.1&#8243; _module_preset=\u00bbdefault\u00bb global_colors_info=\u00bb{}\u00bb][et_pb_column type=\u00bb1_2&#8243; _builder_version=\u00bb4.25.1&#8243; _module_preset=\u00bbdefault\u00bb global_colors_info=\u00bb{}\u00bb][et_pb_slider _builder_version=\u00bb4.25.1&#8243; _module_preset=\u00bbdefault\u00bb background_image=\u00bbhttps:\/\/villaveyron.com\/wp-content\/uploads\/2024\/06\/Vue-aerienne-1.jpg\u00bb global_colors_info=\u00bb{}\u00bb][et_pb_slide use_bg_overlay=\u00bboff\u00bb use_text_overlay=\u00bboff\u00bb _builder_version=\u00bb4.25.1&#8243; _module_preset=\u00bbdefault\u00bb background_enable_color=\u00bboff\u00bb background_image=\u00bbhttps:\/\/villaveyron.com\/wp-content\/uploads\/2024\/06\/IMG_6892.jpg\u00bb background_enable_image=\u00bbon\u00bb width=\u00bb100%\u00bb max_width=\u00bb100%\u00bb global_colors_info=\u00bb{}\u00bb sticky_transition=\u00bbon\u00bb][\/et_pb_slide][et_pb_slide _builder_version=\u00bb4.25.1&#8243; _module_preset=\u00bbdefault\u00bb background_enable_color=\u00bboff\u00bb background_image=\u00bbhttps:\/\/villaveyron.com\/wp-content\/uploads\/2024\/06\/vue-piscine-1.jpg\u00bb background_enable_image=\u00bbon\u00bb global_colors_info=\u00bb{}\u00bb sticky_transition=\u00bbon\u00bb]<\/p>\n<p>&nbsp;<\/p>\n<p>&nbsp;<\/p>\n<p>&nbsp;<\/p>\n<p>&nbsp;<\/p>\n<p>&nbsp;<\/p>\n<p>&nbsp;<\/p>\n<p>&nbsp;<\/p>\n<p>[\/et_pb_slide][\/et_pb_slider][et_pb_text _builder_version=\u00bb4.25.1&#8243; _module_preset=\u00bbdefault\u00bb header_5_font=\u00bbMontserrat||||||||\u00bb header_6_font=\u00bbMontserrat||||||||\u00bb header_6_font_size=\u00bb25px\u00bb header_6_font_size_tablet=\u00bb25px\u00bb header_6_font_size_phone=\u00bb20px\u00bb header_6_font_size_last_edited=\u00bbon|phone\u00bb global_colors_info=\u00bb{}\u00bb]<\/p>\n<h6>PISCINA &#8211; SPA<\/h6>\n<p>Una piscina climatizada de 10 x 4 m con cubierta subacu\u00e1tica, un jacuzzi para que las ardillas se queden mirando y una terraza exterior de 150 m2 te permitir\u00e1n aprovechar al m\u00e1ximo este entorno excepcional.<\/p>\n<p>[\/et_pb_text][\/et_pb_column][et_pb_column type=\u00bb1_2&#8243; _builder_version=\u00bb4.25.1&#8243; _module_preset=\u00bbdefault\u00bb global_colors_info=\u00bb{}\u00bb][et_pb_slider _builder_version=\u00bb4.25.1&#8243; _module_preset=\u00bbdefault\u00bb background_image=\u00bbhttps:\/\/villaveyron.com\/wp-content\/uploads\/2024\/06\/Vue-aerienne-1.jpg\u00bb global_colors_info=\u00bb{}\u00bb][et_pb_slide _builder_version=\u00bb4.25.1&#8243; _module_preset=\u00bbdefault\u00bb background_enable_color=\u00bboff\u00bb background_image=\u00bbhttps:\/\/villaveyron.com\/wp-content\/uploads\/2024\/05\/Table-a-manger-Villaveyron-1.jpg\u00bb background_enable_image=\u00bbon\u00bb global_colors_info=\u00bb{}\u00bb sticky_transition=\u00bbon\u00bb][\/et_pb_slide][et_pb_slide _builder_version=\u00bb4.25.1&#8243; _module_preset=\u00bbdefault\u00bb background_enable_color=\u00bboff\u00bb background_image=\u00bbhttps:\/\/villaveyron.com\/wp-content\/uploads\/2024\/05\/Salon-Villaveyron-1.jpg\u00bb background_enable_image=\u00bbon\u00bb global_colors_info=\u00bb{}\u00bb sticky_transition=\u00bbon\u00bb]<\/p>\n<p>&nbsp;<\/p>\n<p>&nbsp;<\/p>\n<p>&nbsp;<\/p>\n<p>&nbsp;<\/p>\n<p>&nbsp;<\/p>\n<p>&nbsp;<\/p>\n<p>&nbsp;<\/p>\n<p>[\/et_pb_slide][et_pb_slide _builder_version=\u00bb4.25.1&#8243; _module_preset=\u00bbdefault\u00bb background_enable_color=\u00bboff\u00bb background_image=\u00bbhttps:\/\/villaveyron.com\/wp-content\/uploads\/2024\/05\/Table-Villaveyron-1.jpg\u00bb background_enable_image=\u00bbon\u00bb global_colors_info=\u00bb{}\u00bb sticky_transition=\u00bbon\u00bb]<\/p>\n<p>&nbsp;<\/p>\n<p>&nbsp;<\/p>\n<p>&nbsp;<\/p>\n<p>&nbsp;<\/p>\n<p>&nbsp;<\/p>\n<p>&nbsp;<\/p>\n<p>&nbsp;<\/p>\n<p>[\/et_pb_slide][et_pb_slide _builder_version=\u00bb4.25.1&#8243; _module_preset=\u00bbdefault\u00bb background_enable_color=\u00bboff\u00bb background_image=\u00bbhttps:\/\/villaveyron.com\/wp-content\/uploads\/2024\/05\/Salon-piano-Villaveyron-1.jpg\u00bb background_enable_image=\u00bbon\u00bb global_colors_info=\u00bb{}\u00bb sticky_transition=\u00bbon\u00bb]<\/p>\n<p>&nbsp;<\/p>\n<p>&nbsp;<\/p>\n<p>&nbsp;<\/p>\n<p>&nbsp;<\/p>\n<p>&nbsp;<\/p>\n<p>&nbsp;<\/p>\n<p>&nbsp;<\/p>\n<p>[\/et_pb_slide][\/et_pb_slider][et_pb_text _builder_version=\u00bb4.25.1&#8243; _module_preset=\u00bbdefault\u00bb header_5_font=\u00bbMontserrat||||||||\u00bb header_6_font=\u00bbMontserrat||||||||\u00bb header_6_font_size=\u00bb25px\u00bb header_6_font_size_tablet=\u00bb25px\u00bb header_6_font_size_phone=\u00bb20px\u00bb header_6_font_size_last_edited=\u00bbon|phone\u00bb global_colors_info=\u00bb{}\u00bb]<\/p>\n<h6>SAL\u00d3N &#8211; COMEDOR<\/h6>\n<p>Luz natural, espacio y altura, sin vistas, sof\u00e1 acogedor, estufa de le\u00f1a, pantalla grande con numerosos canales. Una gran mesa hecha a medida para Villaveyron te permitir\u00e1 disfrutar de una aut\u00e9ntica comida con toda tu familia y amigos.<\/p>\n<p>[\/et_pb_text][\/et_pb_column][\/et_pb_row][et_pb_row column_structure=\u00bb1_2,1_2&#8243; _builder_version=\u00bb4.25.1&#8243; _module_preset=\u00bbdefault\u00bb global_colors_info=\u00bb{}\u00bb][et_pb_column type=\u00bb1_2&#8243; _builder_version=\u00bb4.25.1&#8243; _module_preset=\u00bbdefault\u00bb global_colors_info=\u00bb{}\u00bb][et_pb_slider _builder_version=\u00bb4.25.1&#8243; _module_preset=\u00bbdefault\u00bb background_image=\u00bbhttps:\/\/villaveyron.com\/wp-content\/uploads\/2024\/06\/Vue-aerienne-1.jpg\u00bb global_colors_info=\u00bb{}\u00bb][et_pb_slide use_bg_overlay=\u00bboff\u00bb use_text_overlay=\u00bboff\u00bb _builder_version=\u00bb4.25.1&#8243; _module_preset=\u00bbdefault\u00bb background_enable_color=\u00bboff\u00bb background_image=\u00bbhttps:\/\/villaveyron.com\/wp-content\/uploads\/2024\/05\/Cuisine-Villaveyron-1.jpg\u00bb background_enable_image=\u00bbon\u00bb width=\u00bb100%\u00bb max_width=\u00bb100%\u00bb global_colors_info=\u00bb{}\u00bb sticky_transition=\u00bbon\u00bb][\/et_pb_slide][et_pb_slide _builder_version=\u00bb4.25.1&#8243; _module_preset=\u00bbdefault\u00bb background_enable_color=\u00bboff\u00bb background_image=\u00bbhttps:\/\/villaveyron.com\/wp-content\/uploads\/2024\/05\/Buanderie-Villaveyron-1.jpg\u00bb background_enable_image=\u00bbon\u00bb global_colors_info=\u00bb{}\u00bb sticky_transition=\u00bbon\u00bb]<\/p>\n<p>&nbsp;<\/p>\n<p>&nbsp;<\/p>\n<p>&nbsp;<\/p>\n<p>&nbsp;<\/p>\n<p>&nbsp;<\/p>\n<p>&nbsp;<\/p>\n<p>&nbsp;<\/p>\n<p>[\/et_pb_slide][\/et_pb_slider][et_pb_text _builder_version=\u00bb4.25.1&#8243; _module_preset=\u00bbdefault\u00bb header_5_font=\u00bbMontserrat||||||||\u00bb header_6_font=\u00bbMontserrat||||||||\u00bb header_6_font_size=\u00bb25px\u00bb hover_enabled=\u00bb0&#8243; header_6_font_size_tablet=\u00bb25px\u00bb header_6_font_size_phone=\u00bb20px\u00bb header_6_font_size_last_edited=\u00bbon|phone\u00bb global_colors_info=\u00bb{}\u00bb sticky_enabled=\u00bb0&#8243;]<\/p>\n<h6>COCINA &#8211; LAVANDER\u00cdA<\/h6>\n<p>Para\u00edso de los gourmets, la cocina americana est\u00e1 equipada con electrodom\u00e9sticos de primera calidad, como frigor\u00edfico americano de doble puerta, horno, microondas, placa de inducci\u00f3n, cafetera de alta gama, hervidor, tostadora, raclette, freidora ninja, robot de cocina&#8230; \u00a1sin olvidar la barbacoa y la plancha de la terraza!<\/p>\n<p>Ten por seguro que no tendr\u00e1s que hacer ninguna tarea dom\u00e9stica cuando te vayas, ya que este lavadero viene con electrodom\u00e9sticos de alta calidad para satisfacer las necesidades diarias de la familia. Lavadora, secadora, frigor\u00edfico, tabla de planchar y plancha, aspiradora, tendedero.<\/p>\n<p>[\/et_pb_text][\/et_pb_column][et_pb_column type=\u00bb1_2&#8243; _builder_version=\u00bb4.25.1&#8243; _module_preset=\u00bbdefault\u00bb global_colors_info=\u00bb{}\u00bb][et_pb_slider _builder_version=\u00bb4.25.1&#8243; _module_preset=\u00bbdefault\u00bb background_image=\u00bbhttps:\/\/villaveyron.com\/wp-content\/uploads\/2024\/06\/Vue-aerienne-1.jpg\u00bb global_colors_info=\u00bb{}\u00bb][et_pb_slide _builder_version=\u00bb4.25.1&#8243; _module_preset=\u00bbdefault\u00bb background_enable_color=\u00bboff\u00bb background_image=\u00bbhttps:\/\/villaveyron.com\/wp-content\/uploads\/2024\/05\/Chambre-4-Villaveyron-1.jpg\u00bb background_enable_image=\u00bbon\u00bb global_colors_info=\u00bb{}\u00bb sticky_transition=\u00bbon\u00bb][\/et_pb_slide][et_pb_slide _builder_version=\u00bb4.25.1&#8243; _module_preset=\u00bbdefault\u00bb background_enable_color=\u00bboff\u00bb background_image=\u00bbhttps:\/\/villaveyron.com\/wp-content\/uploads\/2024\/05\/Chambre-3-Villaveyron-1.jpg\u00bb background_enable_image=\u00bbon\u00bb global_colors_info=\u00bb{}\u00bb sticky_transition=\u00bbon\u00bb]<\/p>\n<p>&nbsp;<\/p>\n<p>&nbsp;<\/p>\n<p>&nbsp;<\/p>\n<p>&nbsp;<\/p>\n<p>&nbsp;<\/p>\n<p>&nbsp;<\/p>\n<p>&nbsp;<\/p>\n<p>[\/et_pb_slide][et_pb_slide _builder_version=\u00bb4.25.1&#8243; _module_preset=\u00bbdefault\u00bb background_enable_color=\u00bboff\u00bb background_image=\u00bbhttps:\/\/villaveyron.com\/wp-content\/uploads\/2024\/05\/Chambre-2-Villaveyron-1.jpg\u00bb background_enable_image=\u00bbon\u00bb global_colors_info=\u00bb{}\u00bb sticky_transition=\u00bbon\u00bb]<\/p>\n<p>&nbsp;<\/p>\n<p>&nbsp;<\/p>\n<p>&nbsp;<\/p>\n<p>&nbsp;<\/p>\n<p>&nbsp;<\/p>\n<p>&nbsp;<\/p>\n<p>&nbsp;<\/p>\n<p>[\/et_pb_slide][et_pb_slide _builder_version=\u00bb4.25.1&#8243; _module_preset=\u00bbdefault\u00bb background_enable_color=\u00bboff\u00bb background_image=\u00bbhttps:\/\/villaveyron.com\/wp-content\/uploads\/2024\/05\/Chambre-Villaveyron-1.jpg\u00bb background_enable_image=\u00bbon\u00bb global_colors_info=\u00bb{}\u00bb sticky_transition=\u00bbon\u00bb]<\/p>\n<p>&nbsp;<\/p>\n<p>&nbsp;<\/p>\n<p>&nbsp;<\/p>\n<p>&nbsp;<\/p>\n<p>&nbsp;<\/p>\n<p>&nbsp;<\/p>\n<p>&nbsp;<\/p>\n<p>[\/et_pb_slide][\/et_pb_slider][et_pb_text _builder_version=\u00bb4.25.1&#8243; _module_preset=\u00bbdefault\u00bb header_5_font=\u00bbMontserrat||||||||\u00bb header_6_font=\u00bbMontserrat||||||||\u00bb header_6_font_size=\u00bb25px\u00bb header_6_font_size_tablet=\u00bb25px\u00bb header_6_font_size_phone=\u00bb20px\u00bb header_6_font_size_last_edited=\u00bbon|phone\u00bb global_colors_info=\u00bb{}\u00bb]<\/p>\n<h6>HABITACIONES<\/h6>\n<p>Un dormitorio en la planta baja con vistas al jacuzzi, con cama king-size (160 x 200), armario, escritorio o tocador, aire acondicionado.<\/p>\n<p>Un segundo dormitorio en la planta baja con 2 camas de 90 x 200, la misma ropa de cama c\u00f3moda, escritorio y espacio para guardar cosas, aire acondicionado.<\/p>\n<p>Arriba, dos dormitorios con camas tama\u00f1o king (160 x 200) y ropa de cama digna de los mejores hoteles, mucho espacio de almacenamiento, una zona de estudio o tocador, un peque\u00f1o sof\u00e1 en una habitaci\u00f3n y un sill\u00f3n en la otra, y aire acondicionado.  <\/p>\n<p>[\/et_pb_text][\/et_pb_column][\/et_pb_row][et_pb_row column_structure=\u00bb1_2,1_2&#8243; _builder_version=\u00bb4.25.1&#8243; _module_preset=\u00bbdefault\u00bb global_colors_info=\u00bb{}\u00bb][et_pb_column type=\u00bb1_2&#8243; _builder_version=\u00bb4.25.1&#8243; _module_preset=\u00bbdefault\u00bb global_colors_info=\u00bb{}\u00bb][et_pb_slider _builder_version=\u00bb4.25.1&#8243; _module_preset=\u00bbdefault\u00bb background_image=\u00bbhttps:\/\/villaveyron.com\/wp-content\/uploads\/2024\/06\/Vue-aerienne-1.jpg\u00bb global_colors_info=\u00bb{}\u00bb][et_pb_slide use_bg_overlay=\u00bboff\u00bb use_text_overlay=\u00bboff\u00bb _builder_version=\u00bb4.25.1&#8243; _module_preset=\u00bbdefault\u00bb background_enable_color=\u00bboff\u00bb background_image=\u00bbhttps:\/\/villaveyron.com\/wp-content\/uploads\/2024\/05\/Salle-de-bain-Villaveyron-1.jpg\u00bb background_enable_image=\u00bbon\u00bb width=\u00bb100%\u00bb max_width=\u00bb100%\u00bb global_colors_info=\u00bb{}\u00bb sticky_transition=\u00bbon\u00bb][\/et_pb_slide][et_pb_slide _builder_version=\u00bb4.25.1&#8243; _module_preset=\u00bbdefault\u00bb background_enable_color=\u00bboff\u00bb background_image=\u00bbhttps:\/\/villaveyron.com\/wp-content\/uploads\/2024\/05\/Salle-de-bains-Villaveyron-1.jpg\u00bb background_enable_image=\u00bbon\u00bb global_colors_info=\u00bb{}\u00bb sticky_transition=\u00bbon\u00bb]<\/p>\n<p>&nbsp;<\/p>\n<p>&nbsp;<\/p>\n<p>&nbsp;<\/p>\n<p>&nbsp;<\/p>\n<p>&nbsp;<\/p>\n<p>&nbsp;<\/p>\n<p>&nbsp;<\/p>\n<p>[\/et_pb_slide][\/et_pb_slider][et_pb_text _builder_version=\u00bb4.25.1&#8243; _module_preset=\u00bbdefault\u00bb header_5_font=\u00bbMontserrat||||||||\u00bb header_6_font=\u00bbMontserrat||||||||\u00bb header_6_font_size=\u00bb25px\u00bb header_6_font_size_tablet=\u00bb25px\u00bb header_6_font_size_phone=\u00bb20px\u00bb header_6_font_size_last_edited=\u00bbon|phone\u00bb global_colors_info=\u00bb{}\u00bb]<\/p>\n<h6>DUCHA &#8211; BA\u00d1O<\/h6>\n<p>Duchas de chorros m\u00faltiples, lavabos dobles, ba\u00f1eras de hidromasaje con agua coloreada, secadores de toallas e incluso espejos de maquillaje para las se\u00f1oras: no hay nada que no necesites para tu bienestar.<\/p>\n<p>[\/et_pb_text][\/et_pb_column][et_pb_column type=\u00bb1_2&#8243; _builder_version=\u00bb4.25.1&#8243; _module_preset=\u00bbdefault\u00bb global_colors_info=\u00bb{}\u00bb][et_pb_slider _builder_version=\u00bb4.25.1&#8243; _module_preset=\u00bbdefault\u00bb background_image=\u00bbhttps:\/\/villaveyron.com\/wp-content\/uploads\/2024\/06\/Vue-aerienne-1.jpg\u00bb global_colors_info=\u00bb{}\u00bb][et_pb_slide _builder_version=\u00bb4.25.1&#8243; _module_preset=\u00bbdefault\u00bb background_enable_color=\u00bboff\u00bb background_image=\u00bbhttps:\/\/villaveyron.com\/wp-content\/uploads\/2024\/06\/Salon-piano-Villaveyron-Copie.jpg\u00bb background_enable_image=\u00bbon\u00bb global_colors_info=\u00bb{}\u00bb sticky_transition=\u00bbon\u00bb][\/et_pb_slide][et_pb_slide _builder_version=\u00bb4.25.1&#8243; _module_preset=\u00bbdefault\u00bb background_enable_color=\u00bboff\u00bb background_image=\u00bbhttps:\/\/villaveyron.com\/wp-content\/uploads\/2024\/06\/Piano-Villaveyron.jpg\u00bb background_enable_image=\u00bbon\u00bb global_colors_info=\u00bb{}\u00bb sticky_transition=\u00bbon\u00bb]<\/p>\n<p>&nbsp;<\/p>\n<p>&nbsp;<\/p>\n<p>&nbsp;<\/p>\n<p>&nbsp;<\/p>\n<p>&nbsp;<\/p>\n<p>&nbsp;<\/p>\n<p>&nbsp;<\/p>\n<p>[\/et_pb_slide][\/et_pb_slider][et_pb_text _builder_version=\u00bb4.25.1&#8243; _module_preset=\u00bbdefault\u00bb header_5_font=\u00bbMontserrat||||||||\u00bb header_6_font=\u00bbMontserrat||||||||\u00bb header_6_font_size=\u00bb25px\u00bb header_6_font_size_tablet=\u00bb25px\u00bb header_6_font_size_phone=\u00bb20px\u00bb header_6_font_size_last_edited=\u00bbon|phone\u00bb global_colors_info=\u00bb{}\u00bb]<\/p>\n<h6>PIANO<\/h6>\n<p>\u00bfEres m\u00fasico? Este magn\u00edfico piano de cola, con su resonancia de techo de catedral, \u00a1seguro que te conquistar\u00e1 y crear\u00e1 el ambiente de tus veladas&#8230;!<\/p>\n<p>[\/et_pb_text][\/et_pb_column][\/et_pb_row][et_pb_row column_structure=\u00bb1_2,1_2&#8243; _builder_version=\u00bb4.25.1&#8243; _module_preset=\u00bbdefault\u00bb global_colors_info=\u00bb{}\u00bb][et_pb_column type=\u00bb1_2&#8243; _builder_version=\u00bb4.25.1&#8243; _module_preset=\u00bbdefault\u00bb global_colors_info=\u00bb{}\u00bb][et_pb_slider _builder_version=\u00bb4.25.1&#8243; _module_preset=\u00bbdefault\u00bb background_enable_image=\u00bboff\u00bb global_colors_info=\u00bb{}\u00bb][et_pb_slide use_bg_overlay=\u00bboff\u00bb use_text_overlay=\u00bboff\u00bb _builder_version=\u00bb4.25.1&#8243; _module_preset=\u00bbdefault\u00bb background_enable_color=\u00bboff\u00bb background_image=\u00bbhttps:\/\/villaveyron.com\/wp-content\/uploads\/2024\/05\/Babyfoot-Villaveyron-1.jpg\u00bb background_enable_image=\u00bbon\u00bb width=\u00bb100%\u00bb max_width=\u00bb100%\u00bb global_colors_info=\u00bb{}\u00bb sticky_transition=\u00bbon\u00bb][\/et_pb_slide][et_pb_slide _builder_version=\u00bb4.25.1&#8243; _module_preset=\u00bbdefault\u00bb background_enable_color=\u00bboff\u00bb background_image=\u00bbhttps:\/\/villaveyron.com\/wp-content\/uploads\/2024\/05\/Velo-Villaveyron-1.jpg\u00bb background_enable_image=\u00bbon\u00bb global_colors_info=\u00bb{}\u00bb sticky_transition=\u00bbon\u00bb]<\/p>\n<p>&nbsp;<\/p>\n<p>&nbsp;<\/p>\n<p>&nbsp;<\/p>\n<p>&nbsp;<\/p>\n<p>&nbsp;<\/p>\n<p>&nbsp;<\/p>\n<p>&nbsp;<\/p>\n<p>[\/et_pb_slide][et_pb_slide _builder_version=\u00bb4.25.1&#8243; _module_preset=\u00bbdefault\u00bb background_enable_color=\u00bboff\u00bb background_image=\u00bbhttps:\/\/villaveyron.com\/wp-content\/uploads\/2024\/05\/Espace-jeux-Villaveyron-1.jpg\u00bb background_enable_image=\u00bbon\u00bb global_colors_info=\u00bb{}\u00bb sticky_transition=\u00bbon\u00bb]<\/p>\n<p>&nbsp;<\/p>\n<p>&nbsp;<\/p>\n<p>&nbsp;<\/p>\n<p>&nbsp;<\/p>\n<p>&nbsp;<\/p>\n<p>&nbsp;<\/p>\n<p>&nbsp;<\/p>\n<p>[\/et_pb_slide][\/et_pb_slider][et_pb_text _builder_version=\u00bb4.25.1&#8243; _module_preset=\u00bbdefault\u00bb header_5_font=\u00bbMontserrat||||||||\u00bb header_6_font=\u00bbMontserrat||||||||\u00bb header_6_font_size=\u00bb25px\u00bb header_6_font_size_tablet=\u00bb25px\u00bb header_6_font_size_phone=\u00bb20px\u00bb header_6_font_size_last_edited=\u00bbon|phone\u00bb global_colors_info=\u00bb{}\u00bb]<\/p>\n<h6>OCIO INTERIOR<\/h6>\n<p>La sala de TV y juegos de mesa est\u00e1 reservada a los ni\u00f1os y adolescentes, con un sof\u00e1 para el disfrute de todos. Esta habitaci\u00f3n est\u00e1 equipada con HDMI, WiFi y fibra&#8230;<\/p>\n<p>[\/et_pb_text][\/et_pb_column][et_pb_column type=\u00bb1_2&#8243; _builder_version=\u00bb4.25.1&#8243; _module_preset=\u00bbdefault\u00bb global_colors_info=\u00bb{}\u00bb][et_pb_slider _builder_version=\u00bb4.25.1&#8243; _module_preset=\u00bbdefault\u00bb background_enable_image=\u00bboff\u00bb global_colors_info=\u00bb{}\u00bb][et_pb_slide _builder_version=\u00bb4.25.1&#8243; _module_preset=\u00bbdefault\u00bb background_enable_color=\u00bboff\u00bb background_image=\u00bbhttps:\/\/villaveyron.com\/wp-content\/uploads\/2024\/06\/portique-jeux-enfants-1.jpg\u00bb background_enable_image=\u00bbon\u00bb global_colors_info=\u00bb{}\u00bb sticky_transition=\u00bbon\u00bb][\/et_pb_slide][et_pb_slide _builder_version=\u00bb4.25.1&#8243; _module_preset=\u00bbdefault\u00bb background_enable_color=\u00bboff\u00bb background_image=\u00bbhttps:\/\/villaveyron.com\/wp-content\/uploads\/2024\/06\/trampoline-1.jpg\u00bb background_enable_image=\u00bbon\u00bb global_colors_info=\u00bb{}\u00bb sticky_transition=\u00bbon\u00bb]<\/p>\n<p>&nbsp;<\/p>\n<p>&nbsp;<\/p>\n<p>&nbsp;<\/p>\n<p>&nbsp;<\/p>\n<p>&nbsp;<\/p>\n<p>&nbsp;<\/p>\n<p>&nbsp;<\/p>\n<p>[\/et_pb_slide][et_pb_slide _builder_version=\u00bb4.25.1&#8243; _module_preset=\u00bbdefault\u00bb background_enable_color=\u00bboff\u00bb background_image=\u00bbhttps:\/\/villaveyron.com\/wp-content\/uploads\/2024\/06\/table-de-ping-pong.jpg\u00bb background_enable_image=\u00bbon\u00bb global_colors_info=\u00bb{}\u00bb sticky_transition=\u00bbon\u00bb]<\/p>\n<p>&nbsp;<\/p>\n<p>&nbsp;<\/p>\n<p>&nbsp;<\/p>\n<p>&nbsp;<\/p>\n<p>&nbsp;<\/p>\n<p>&nbsp;<\/p>\n<p>&nbsp;<\/p>\n<p>[\/et_pb_slide][\/et_pb_slider][et_pb_text _builder_version=\u00bb4.25.1&#8243; _module_preset=\u00bbdefault\u00bb header_5_font=\u00bbMontserrat||||||||\u00bb header_6_font=\u00bbMontserrat||||||||\u00bb header_6_font_size=\u00bb25px\u00bb header_6_font_size_tablet=\u00bb25px\u00bb header_6_font_size_phone=\u00bb20px\u00bb header_6_font_size_last_edited=\u00bbon|phone\u00bb global_colors_info=\u00bb{}\u00bb]<\/p>\n<h6>OCIO AL AIRE LIBRE<\/h6>\n<p>Tanto al sol como a la sombra, j\u00f3venes y mayores pueden disfrutar de una amplia gama de actividades de ocio, como competiciones de ping-pong, un parque infantil y una cama el\u00e1stica.<\/p>\n<p>[\/et_pb_text][\/et_pb_column][\/et_pb_row][et_pb_row column_structure=\u00bb1_2,1_2&#8243; _builder_version=\u00bb4.25.1&#8243; _module_preset=\u00bbdefault\u00bb global_colors_info=\u00bb{}\u00bb][et_pb_column type=\u00bb1_2&#8243; _builder_version=\u00bb4.25.1&#8243; _module_preset=\u00bbdefault\u00bb global_colors_info=\u00bb{}\u00bb][et_pb_slider _builder_version=\u00bb4.25.1&#8243; _module_preset=\u00bbdefault\u00bb background_enable_image=\u00bboff\u00bb global_colors_info=\u00bb{}\u00bb][et_pb_slide use_bg_overlay=\u00bboff\u00bb use_text_overlay=\u00bboff\u00bb _builder_version=\u00bb4.25.1&#8243; _module_preset=\u00bbdefault\u00bb background_enable_color=\u00bboff\u00bb background_image=\u00bbhttps:\/\/villaveyron.com\/wp-content\/uploads\/2024\/06\/double-garage-et-borne.jpg\u00bb background_enable_image=\u00bbon\u00bb width=\u00bb100%\u00bb max_width=\u00bb100%\u00bb global_colors_info=\u00bb{}\u00bb sticky_transition=\u00bbon\u00bb][\/et_pb_slide][et_pb_slide _builder_version=\u00bb4.25.1&#8243; _module_preset=\u00bbdefault\u00bb background_enable_color=\u00bboff\u00bb background_image=\u00bbhttps:\/\/villaveyron.com\/wp-content\/uploads\/2024\/06\/villaveyron-face-nord-Copie.jpg\u00bb background_enable_image=\u00bbon\u00bb global_colors_info=\u00bb{}\u00bb sticky_transition=\u00bbon\u00bb]<\/p>\n<p>&nbsp;<\/p>\n<p>&nbsp;<\/p>\n<p>&nbsp;<\/p>\n<p>&nbsp;<\/p>\n<p>&nbsp;<\/p>\n<p>&nbsp;<\/p>\n<p>&nbsp;<\/p>\n<p>[\/et_pb_slide][\/et_pb_slider][et_pb_text _builder_version=\u00bb4.25.1&#8243; _module_preset=\u00bbdefault\u00bb header_5_font=\u00bbMontserrat||||||||\u00bb header_6_font=\u00bbMontserrat||||||||\u00bb header_6_font_size=\u00bb25px\u00bb hover_enabled=\u00bb0&#8243; header_6_font_size_tablet=\u00bb25px\u00bb header_6_font_size_phone=\u00bb20px\u00bb header_6_font_size_last_edited=\u00bbon|phone\u00bb global_colors_info=\u00bb{}\u00bb sticky_enabled=\u00bb0&#8243;]<\/p>\n<h6>GARAJE DOBLE<\/h6>\n<p>Un garaje doble con apertura e iluminaci\u00f3n autom\u00e1ticas, y un wallbox Tesla de 7 kW para todos los veh\u00edculos el\u00e9ctricos.<\/p>\n<p>[\/et_pb_text][\/et_pb_column][et_pb_column type=\u00bb1_2&#8243; _builder_version=\u00bb4.25.1&#8243; _module_preset=\u00bbdefault\u00bb global_colors_info=\u00bb{}\u00bb][et_pb_slider _builder_version=\u00bb4.25.1&#8243; _module_preset=\u00bbdefault\u00bb background_enable_image=\u00bboff\u00bb global_colors_info=\u00bb{}\u00bb][et_pb_slide _builder_version=\u00bb4.25.1&#8243; _module_preset=\u00bbdefault\u00bb background_enable_color=\u00bboff\u00bb background_image=\u00bbhttps:\/\/villaveyron.com\/wp-content\/uploads\/2024\/06\/villaveyron-de-nuit-profil-1.jpg\u00bb background_enable_image=\u00bbon\u00bb global_colors_info=\u00bb{}\u00bb sticky_transition=\u00bbon\u00bb][\/et_pb_slide][et_pb_slide _builder_version=\u00bb4.25.1&#8243; _module_preset=\u00bbdefault\u00bb background_enable_color=\u00bboff\u00bb background_image=\u00bbhttps:\/\/villaveyron.com\/wp-content\/uploads\/2024\/06\/IMG_6893.jpg\u00bb background_enable_image=\u00bbon\u00bb global_colors_info=\u00bb{}\u00bb sticky_transition=\u00bbon\u00bb]<\/p>\n<p>&nbsp;<\/p>\n<p>&nbsp;<\/p>\n<p>&nbsp;<\/p>\n<p>&nbsp;<\/p>\n<p>&nbsp;<\/p>\n<p>&nbsp;<\/p>\n<p>&nbsp;<\/p>\n<p>[\/et_pb_slide][\/et_pb_slider][et_pb_text _builder_version=\u00bb4.25.1&#8243; _module_preset=\u00bbdefault\u00bb header_5_font=\u00bbMontserrat||||||||\u00bb header_6_font=\u00bbMontserrat||||||||\u00bb header_6_font_size=\u00bb25px\u00bb hover_enabled=\u00bb0&#8243; header_6_font_size_tablet=\u00bb25px\u00bb header_6_font_size_phone=\u00bb20px\u00bb header_6_font_size_last_edited=\u00bbon|phone\u00bb global_colors_info=\u00bb{}\u00bb sticky_enabled=\u00bb0&#8243;]<\/p>\n<h6>POR LA NOCHE<\/h6>\n<p>Ilumina Villaveyron, disfruta del colorido ambiente, de la barbacoa o la plancha para comer al aire libre, de la piscina climatizada o del SPA para desconectar.<\/p>\n<p>[\/et_pb_text][\/et_pb_column][\/et_pb_row][\/et_pb_section][et_pb_section fb_built=\u00bb1&#8243; custom_padding_last_edited=\u00bbon|desktop\u00bb admin_label=\u00bbAmenities Title\u00bb _builder_version=\u00bb4.25.1&#8243; background_enable_color=\u00bboff\u00bb use_background_color_gradient=\u00bbon\u00bb background_color_gradient_stops=\u00bbrgba(106,125,140,0.5) 6%|#6a7d8c 100%\u00bb background_color_gradient_overlays_image=\u00bbon\u00bb background_color_gradient_start=\u00bbrgba(106,125,140,0.5)\u00bb background_color_gradient_end=\u00bb#6a7d8c\u00bb background_image=\u00bbhttps:\/\/villaveyron.com\/wp-content\/uploads\/2024\/05\/Salon-piano-Villaveyron.jpg\u00bb custom_padding=\u00bb100px||100px||true|false\u00bb custom_padding_tablet=\u00bb100px||100px||true|false\u00bb custom_padding_phone=\u00bb100px||100px||true|false\u00bb global_colors_info=\u00bb{}\u00bb][et_pb_row _builder_version=\u00bb4.16&#8243; custom_margin=\u00bb|||\u00bb locked=\u00bboff\u00bb global_colors_info=\u00bb{}\u00bb][et_pb_column type=\u00bb4_4&#8243; _builder_version=\u00bb4.16&#8243; custom_padding=\u00bb|||\u00bb global_colors_info=\u00bb{}\u00bb custom_padding__hover=\u00bb|||\u00bb][et_pb_text content_tablet=\u00bb<\/p>\n<h6>Equipamiento incluido<\/h6>\n<h2>VILLAVEYRON<\/h2>\n<p>\u00bb content_phone=\u00bb<\/p>\n<h6>Equipo<\/h6>\n<h2>VILLAVEYRON<\/h2>\n<p>\u00bb content_last_edited=\u00bbon|phone\u00bb _builder_version=\u00bb4.25.1&#8243; text_font=\u00bb||||||||\u00bb text_line_height=\u00bb2em\u00bb header_font=\u00bb||||||||\u00bb header_2_font=\u00bbAlice|700|||||||\u00bb header_2_font_size=\u00bb46px\u00bb header_2_line_height=\u00bb1.2em\u00bb header_6_font=\u00bbMontserrat|700||on|||||\u00bb header_6_font_size=\u00bb25px\u00bb header_6_letter_spacing=\u00bb5px\u00bb header_6_line_height=\u00bb1.8em\u00bb background_layout=\u00bbdark\u00bb max_width_tablet=\u00bb\u00bb max_width_phone=\u00bb\u00bb max_width_last_edited=\u00bbon|desktop\u00bb header_2_font_size_tablet=\u00bb35px\u00bb header_2_font_size_phone=\u00bb25px\u00bb header_2_font_size_last_edited=\u00bbon|phone\u00bb header_6_font_size_tablet=\u00bb25px\u00bb header_6_font_size_phone=\u00bb17px\u00bb header_6_font_size_last_edited=\u00bbon|phone\u00bb locked=\u00bboff\u00bb global_colors_info=\u00bb{}\u00bb]<\/p>\n<h6>Equipo<\/h6>\n<h2>VILLAVEYRON<\/h2>\n<p>[\/et_pb_text][\/et_pb_column][\/et_pb_row][\/et_pb_section][et_pb_section fb_built=\u00bb1&#8243; custom_padding_last_edited=\u00bbon|phone\u00bb admin_label=\u00bbMenu\u00bb _builder_version=\u00bb4.25.1&#8243; custom_padding=\u00bb50px||0px||false|false\u00bb custom_padding_tablet=\u00bb50px||0px||false|false\u00bb custom_padding_phone=\u00bb30px||||false|false\u00bb locked=\u00bboff\u00bb global_colors_info=\u00bb{}\u00bb][et_pb_row column_structure=\u00bb1_3,1_3,1_3&#8243; custom_padding_last_edited=\u00bbon|phone\u00bb _builder_version=\u00bb4.25.1&#8243; custom_padding_tablet=\u00bb\u00bb custom_padding_phone=\u00bb||10px||false|false\u00bb global_colors_info=\u00bb{}\u00bb][et_pb_column type=\u00bb1_3&#8243; _builder_version=\u00bb4.16&#8243; custom_padding=\u00bb|||\u00bb global_colors_info=\u00bb{}\u00bb custom_padding__hover=\u00bb|||\u00bb][et_pb_blurb title=\u00bbAltavoz conectado\u00bb use_icon=\u00bbon\u00bb font_icon=\u00bb&#x35;||divi||400&#8243; icon_color=\u00bb#8C66F7&#8243; icon_placement=\u00bbleft\u00bb image_icon_width=\u00bb23px\u00bb image_icon_width_tablet=\u00bb23px\u00bb image_icon_width_phone=\u00bb20px\u00bb image_icon_width_last_edited=\u00bbon|phone\u00bb _builder_version=\u00bb4.25.1&#8243; header_level=\u00bbh5&#8243; header_font=\u00bbAlice|700|||||||\u00bb header_font_size=\u00bb16px\u00bb header_line_height=\u00bb1.2em\u00bb body_font=\u00bb||||||||\u00bb body_line_height=\u00bb2em\u00bb header_font_size_tablet=\u00bb20px\u00bb header_font_size_phone=\u00bb18px\u00bb header_font_size_last_edited=\u00bbon|phone\u00bb icon_font_size=\u00bb23px\u00bb global_colors_info=\u00bb{}\u00bb][\/et_pb_blurb][et_pb_blurb title=\u00bbNetflix\u00bb use_icon=\u00bbon\u00bb font_icon=\u00bb&#x35;||divi||400&#8243; icon_color=\u00bb#8C66F7&#8243; icon_placement=\u00bbleft\u00bb image_icon_width=\u00bb23px\u00bb image_icon_width_tablet=\u00bb23px\u00bb image_icon_width_phone=\u00bb20px\u00bb image_icon_width_last_edited=\u00bbon|phone\u00bb _builder_version=\u00bb4.25.1&#8243; header_level=\u00bbh5&#8243; header_font=\u00bbAlice|700|||||||\u00bb header_font_size=\u00bb16px\u00bb header_line_height=\u00bb1.2em\u00bb body_font=\u00bb||||||||\u00bb body_line_height=\u00bb2em\u00bb header_font_size_tablet=\u00bb20px\u00bb header_font_size_phone=\u00bb18px\u00bb header_font_size_last_edited=\u00bbon|phone\u00bb icon_font_size=\u00bb23px\u00bb global_colors_info=\u00bb{}\u00bb][\/et_pb_blurb][et_pb_blurb title=\u00bbProcesador de alimentos\u00bb use_icon=\u00bbon\u00bb font_icon=\u00bb&#x35;||divi||400&#8243; icon_color=\u00bb#8C66F7&#8243; icon_placement=\u00bbleft\u00bb image_icon_width=\u00bb23px\u00bb image_icon_width_tablet=\u00bb23px\u00bb image_icon_width_phone=\u00bb20px\u00bb image_icon_width_last_edited=\u00bbon|phone\u00bb _builder_version=\u00bb4.25.1&#8243; header_level=\u00bbh5&#8243; header_font=\u00bbAlice|700|||||||\u00bb header_font_size=\u00bb16px\u00bb header_line_height=\u00bb1.2em\u00bb body_font=\u00bb||||||||\u00bb body_line_height=\u00bb2em\u00bb header_font_size_tablet=\u00bb20px\u00bb header_font_size_phone=\u00bb18px\u00bb header_font_size_last_edited=\u00bbon|phone\u00bb icon_font_size=\u00bb23px\u00bb global_colors_info=\u00bb{}\u00bb][\/et_pb_blurb][et_pb_blurb title=\u00bbFreidora de aire\u00bb use_icon=\u00bbon\u00bb font_icon=\u00bb&#x35;||divi||400&#8243; icon_color=\u00bb#8C66F7&#8243; icon_placement=\u00bbleft\u00bb image_icon_width=\u00bb23px\u00bb image_icon_width_tablet=\u00bb23px\u00bb image_icon_width_phone=\u00bb20px\u00bb image_icon_width_last_edited=\u00bbon|phone\u00bb _builder_version=\u00bb4.25.1&#8243; header_level=\u00bbh5&#8243; header_font=\u00bbAlice|700|||||||\u00bb header_font_size=\u00bb16px\u00bb header_line_height=\u00bb1.2em\u00bb body_font=\u00bb||||||||\u00bb body_line_height=\u00bb2em\u00bb header_font_size_tablet=\u00bb20px\u00bb header_font_size_phone=\u00bb18px\u00bb header_font_size_last_edited=\u00bbon|phone\u00bb icon_font_size=\u00bb23px\u00bb global_colors_info=\u00bb{}\u00bb][\/et_pb_blurb][et_pb_blurb title=\u00bbM\u00e1quina de raclette\u00bb use_icon=\u00bbon\u00bb font_icon=\u00bb&#x35;||divi||400&#8243; icon_color=\u00bb#8C66F7&#8243; icon_placement=\u00bbleft\u00bb image_icon_width=\u00bb23px\u00bb image_icon_width_tablet=\u00bb23px\u00bb image_icon_width_phone=\u00bb20px\u00bb image_icon_width_last_edited=\u00bbon|phone\u00bb _builder_version=\u00bb4.25.1&#8243; header_level=\u00bbh5&#8243; header_font=\u00bbAlice|700|||||||\u00bb header_font_size=\u00bb16px\u00bb header_line_height=\u00bb1.2em\u00bb body_font=\u00bb||||||||\u00bb body_line_height=\u00bb2em\u00bb header_font_size_tablet=\u00bb20px\u00bb header_font_size_phone=\u00bb18px\u00bb header_font_size_last_edited=\u00bbon|phone\u00bb icon_font_size=\u00bb23px\u00bb global_colors_info=\u00bb{}\u00bb][\/et_pb_blurb][et_pb_blurb title=\u00bbTostadora\u00bb use_icon=\u00bbon\u00bb font_icon=\u00bb&#x35;||divi||400&#8243; icon_color=\u00bb#8C66F7&#8243; icon_placement=\u00bbleft\u00bb image_icon_width=\u00bb23px\u00bb image_icon_width_tablet=\u00bb23px\u00bb image_icon_width_phone=\u00bb20px\u00bb image_icon_width_last_edited=\u00bbon|phone\u00bb _builder_version=\u00bb4.25.1&#8243; header_level=\u00bbh5&#8243; header_font=\u00bbAlice|700|||||||\u00bb header_font_size=\u00bb16px\u00bb header_line_height=\u00bb1.2em\u00bb body_font=\u00bb||||||||\u00bb body_line_height=\u00bb2em\u00bb header_font_size_tablet=\u00bb20px\u00bb header_font_size_phone=\u00bb18px\u00bb header_font_size_last_edited=\u00bbon|phone\u00bb icon_font_size=\u00bb23px\u00bb global_colors_info=\u00bb{}\u00bb][\/et_pb_blurb][et_pb_blurb title=\u00bbLavadoras\u00bb use_icon=\u00bbon\u00bb font_icon=\u00bb&#x35;||divi||400&#8243; icon_color=\u00bb#8C66F7&#8243; icon_placement=\u00bbleft\u00bb image_icon_width=\u00bb23px\u00bb image_icon_width_tablet=\u00bb23px\u00bb image_icon_width_phone=\u00bb20px\u00bb image_icon_width_last_edited=\u00bbon|phone\u00bb _builder_version=\u00bb4.25.1&#8243; header_level=\u00bbh5&#8243; header_font=\u00bbAlice|700|||||||\u00bb header_font_size=\u00bb16px\u00bb header_line_height=\u00bb1.2em\u00bb body_font=\u00bb||||||||\u00bb body_line_height=\u00bb2em\u00bb header_font_size_tablet=\u00bb20px\u00bb header_font_size_phone=\u00bb18px\u00bb header_font_size_last_edited=\u00bbon|phone\u00bb icon_font_size=\u00bb23px\u00bb global_colors_info=\u00bb{}\u00bb][\/et_pb_blurb][et_pb_blurb title=\u00bbCuna\u00bb use_icon=\u00bbon\u00bb font_icon=\u00bb&#x35;||divi||400&#8243; icon_color=\u00bb#8C66F7&#8243; icon_placement=\u00bbleft\u00bb image_icon_width=\u00bb23px\u00bb image_icon_width_tablet=\u00bb23px\u00bb image_icon_width_phone=\u00bb20px\u00bb image_icon_width_last_edited=\u00bbon|phone\u00bb _builder_version=\u00bb4.25.1&#8243; header_level=\u00bbh5&#8243; header_font=\u00bbAlice|700|||||||\u00bb header_font_size=\u00bb16px\u00bb header_line_height=\u00bb1.2em\u00bb body_font=\u00bb||||||||\u00bb body_line_height=\u00bb2em\u00bb header_font_size_tablet=\u00bb20px\u00bb header_font_size_phone=\u00bb18px\u00bb header_font_size_last_edited=\u00bbon|phone\u00bb icon_font_size=\u00bb23px\u00bb global_colors_info=\u00bb{}\u00bb][\/et_pb_blurb][et_pb_blurb title=\u00bbTabla de planchar\u00bb use_icon=\u00bbon\u00bb font_icon=\u00bb&#x35;||divi||400&#8243; icon_color=\u00bb#8C66F7&#8243; icon_placement=\u00bbleft\u00bb image_icon_width=\u00bb23px\u00bb image_icon_width_tablet=\u00bb23px\u00bb image_icon_width_phone=\u00bb20px\u00bb image_icon_width_last_edited=\u00bbon|phone\u00bb _builder_version=\u00bb4.25.1&#8243; header_level=\u00bbh5&#8243; header_font=\u00bbAlice|700|||||||\u00bb header_font_size=\u00bb16px\u00bb header_line_height=\u00bb1.2em\u00bb body_font=\u00bb||||||||\u00bb body_line_height=\u00bb2em\u00bb header_font_size_tablet=\u00bb20px\u00bb header_font_size_phone=\u00bb18px\u00bb header_font_size_last_edited=\u00bbon|phone\u00bb icon_font_size=\u00bb23px\u00bb global_colors_info=\u00bb{}\u00bb][\/et_pb_blurb][\/et_pb_column][et_pb_column type=\u00bb1_3&#8243; _builder_version=\u00bb4.19.4&#8243; _module_preset=\u00bbdefault\u00bb global_colors_info=\u00bb{}\u00bb][et_pb_blurb title=\u00bb2 televisores conectados\u00bb use_icon=\u00bbon\u00bb font_icon=\u00bb&#x35;||divi||400&#8243; icon_color=\u00bb#8C66F7&#8243; icon_placement=\u00bbleft\u00bb image_icon_width=\u00bb23px\u00bb image_icon_width_tablet=\u00bb23px\u00bb image_icon_width_phone=\u00bb20px\u00bb image_icon_width_last_edited=\u00bbon|phone\u00bb _builder_version=\u00bb4.25.1&#8243; header_level=\u00bbh5&#8243; header_font=\u00bbAlice|700|||||||\u00bb header_font_size=\u00bb16px\u00bb header_line_height=\u00bb1.2em\u00bb body_font=\u00bb||||||||\u00bb body_line_height=\u00bb2em\u00bb header_font_size_tablet=\u00bb20px\u00bb header_font_size_phone=\u00bb18px\u00bb header_font_size_last_edited=\u00bbon|phone\u00bb icon_font_size=\u00bb23px\u00bb global_colors_info=\u00bb{}\u00bb][\/et_pb_blurb][et_pb_blurb title=\u00bbHorno de pir\u00f3lisis\u00bb use_icon=\u00bbon\u00bb font_icon=\u00bb&#x35;||divi||400&#8243; icon_color=\u00bb#8C66F7&#8243; icon_placement=\u00bbleft\u00bb image_icon_width=\u00bb23px\u00bb image_icon_width_tablet=\u00bb23px\u00bb image_icon_width_phone=\u00bb20px\u00bb image_icon_width_last_edited=\u00bbon|phone\u00bb _builder_version=\u00bb4.25.1&#8243; header_level=\u00bbh5&#8243; header_font=\u00bbAlice|700|||||||\u00bb header_font_size=\u00bb16px\u00bb header_line_height=\u00bb1.2em\u00bb body_font=\u00bb||||||||\u00bb body_line_height=\u00bb2em\u00bb header_font_size_tablet=\u00bb20px\u00bb header_font_size_phone=\u00bb18px\u00bb header_font_size_last_edited=\u00bbon|phone\u00bb icon_font_size=\u00bb23px\u00bb global_colors_info=\u00bb{}\u00bb][\/et_pb_blurb][et_pb_blurb title=\u00bbFrigor\u00edfico americano + Nevera\u00bb use_icon=\u00bbon\u00bb font_icon=\u00bb&#x35;||divi||400&#8243; icon_color=\u00bb#8C66F7&#8243; icon_placement=\u00bbleft\u00bb image_icon_width=\u00bb23px\u00bb image_icon_width_tablet=\u00bb23px\u00bb image_icon_width_phone=\u00bb20px\u00bb image_icon_width_last_edited=\u00bbon|phone\u00bb _builder_version=\u00bb4.25.1&#8243; header_level=\u00bbh5&#8243; header_font=\u00bbAlice|700|||||||\u00bb header_font_size=\u00bb16px\u00bb header_line_height=\u00bb1.2em\u00bb body_font=\u00bb||||||||\u00bb body_line_height=\u00bb2em\u00bb header_font_size_tablet=\u00bb20px\u00bb header_font_size_phone=\u00bb18px\u00bb header_font_size_last_edited=\u00bbon|phone\u00bb icon_font_size=\u00bb23px\u00bb global_colors_info=\u00bb{}\u00bb][\/et_pb_blurb][et_pb_blurb title=\u00bbBarbacoa\u00bb use_icon=\u00bbon\u00bb font_icon=\u00bb&#x35;||divi||400&#8243; icon_color=\u00bb#8C66F7&#8243; icon_placement=\u00bbleft\u00bb image_icon_width=\u00bb23px\u00bb image_icon_width_tablet=\u00bb23px\u00bb image_icon_width_phone=\u00bb20px\u00bb image_icon_width_last_edited=\u00bbon|phone\u00bb _builder_version=\u00bb4.25.1&#8243; header_level=\u00bbh5&#8243; header_font=\u00bbAlice|700|||||||\u00bb header_font_size=\u00bb16px\u00bb header_line_height=\u00bb1.2em\u00bb body_font=\u00bb||||||||\u00bb body_line_height=\u00bb2em\u00bb header_font_size_tablet=\u00bb20px\u00bb header_font_size_phone=\u00bb18px\u00bb header_font_size_last_edited=\u00bbon|phone\u00bb icon_font_size=\u00bb23px\u00bb global_colors_info=\u00bb{}\u00bb][\/et_pb_blurb][et_pb_blurb title=\u00bbM\u00e1quina para hacer fondue\u00bb use_icon=\u00bbon\u00bb font_icon=\u00bb&#x35;||divi||400&#8243; icon_color=\u00bb#8C66F7&#8243; icon_placement=\u00bbleft\u00bb image_icon_width=\u00bb23px\u00bb image_icon_width_tablet=\u00bb23px\u00bb image_icon_width_phone=\u00bb20px\u00bb image_icon_width_last_edited=\u00bbon|phone\u00bb _builder_version=\u00bb4.25.1&#8243; header_level=\u00bbh5&#8243; header_font=\u00bbAlice|700|||||||\u00bb header_font_size=\u00bb16px\u00bb header_line_height=\u00bb1.2em\u00bb body_font=\u00bb||||||||\u00bb body_line_height=\u00bb2em\u00bb header_font_size_tablet=\u00bb20px\u00bb header_font_size_phone=\u00bb18px\u00bb header_font_size_last_edited=\u00bbon|phone\u00bb icon_font_size=\u00bb23px\u00bb global_colors_info=\u00bb{}\u00bb][\/et_pb_blurb][et_pb_blurb title=\u00bbHervidor el\u00e9ctrico\u00bb use_icon=\u00bbon\u00bb font_icon=\u00bb&#x35;||divi||400&#8243; icon_color=\u00bb#8C66F7&#8243; icon_placement=\u00bbleft\u00bb image_icon_width=\u00bb23px\u00bb image_icon_width_tablet=\u00bb23px\u00bb image_icon_width_phone=\u00bb20px\u00bb image_icon_width_last_edited=\u00bbon|phone\u00bb _builder_version=\u00bb4.25.1&#8243; header_level=\u00bbh5&#8243; header_font=\u00bbAlice|700|||||||\u00bb header_font_size=\u00bb16px\u00bb header_line_height=\u00bb1.2em\u00bb body_font=\u00bb||||||||\u00bb body_line_height=\u00bb2em\u00bb header_font_size_tablet=\u00bb20px\u00bb header_font_size_phone=\u00bb18px\u00bb header_font_size_last_edited=\u00bbon|phone\u00bb icon_font_size=\u00bb23px\u00bb global_colors_info=\u00bb{}\u00bb][\/et_pb_blurb][et_pb_blurb title=\u00bbSecadora\u00bb use_icon=\u00bbon\u00bb font_icon=\u00bb&#x35;||divi||400&#8243; icon_color=\u00bb#8C66F7&#8243; icon_placement=\u00bbleft\u00bb image_icon_width=\u00bb23px\u00bb image_icon_width_tablet=\u00bb23px\u00bb image_icon_width_phone=\u00bb20px\u00bb image_icon_width_last_edited=\u00bbon|phone\u00bb _builder_version=\u00bb4.25.1&#8243; header_level=\u00bbh5&#8243; header_font=\u00bbAlice|700|||||||\u00bb header_font_size=\u00bb16px\u00bb header_line_height=\u00bb1.2em\u00bb body_font=\u00bb||||||||\u00bb body_line_height=\u00bb2em\u00bb header_font_size_tablet=\u00bb20px\u00bb header_font_size_phone=\u00bb18px\u00bb header_font_size_last_edited=\u00bbon|phone\u00bb icon_font_size=\u00bb23px\u00bb global_colors_info=\u00bb{}\u00bb][\/et_pb_blurb][et_pb_blurb title=\u00bbSilla alta\u00bb use_icon=\u00bbon\u00bb font_icon=\u00bb&#x35;||divi||400&#8243; icon_color=\u00bb#8C66F7&#8243; icon_placement=\u00bbleft\u00bb image_icon_width=\u00bb23px\u00bb image_icon_width_tablet=\u00bb23px\u00bb image_icon_width_phone=\u00bb20px\u00bb image_icon_width_last_edited=\u00bbon|phone\u00bb _builder_version=\u00bb4.25.1&#8243; header_level=\u00bbh5&#8243; header_font=\u00bbAlice|700|||||||\u00bb header_font_size=\u00bb16px\u00bb header_line_height=\u00bb1.2em\u00bb body_font=\u00bb||||||||\u00bb body_line_height=\u00bb2em\u00bb header_font_size_tablet=\u00bb20px\u00bb header_font_size_phone=\u00bb18px\u00bb header_font_size_last_edited=\u00bbon|phone\u00bb icon_font_size=\u00bb23px\u00bb global_colors_info=\u00bb{}\u00bb][\/et_pb_blurb][et_pb_blurb title=\u00bbHierro\u00bb use_icon=\u00bbon\u00bb font_icon=\u00bb&#x35;||divi||400&#8243; icon_color=\u00bb#8C66F7&#8243; icon_placement=\u00bbleft\u00bb image_icon_width=\u00bb23px\u00bb image_icon_width_tablet=\u00bb23px\u00bb image_icon_width_phone=\u00bb20px\u00bb image_icon_width_last_edited=\u00bbon|phone\u00bb _builder_version=\u00bb4.25.1&#8243; header_level=\u00bbh5&#8243; header_font=\u00bbAlice|700|||||||\u00bb header_font_size=\u00bb16px\u00bb header_line_height=\u00bb1.2em\u00bb body_font=\u00bb||||||||\u00bb body_line_height=\u00bb2em\u00bb header_font_size_tablet=\u00bb20px\u00bb header_font_size_phone=\u00bb18px\u00bb header_font_size_last_edited=\u00bbon|phone\u00bb icon_font_size=\u00bb23px\u00bb global_colors_info=\u00bb{}\u00bb][\/et_pb_blurb][\/et_pb_column][et_pb_column type=\u00bb1_3&#8243; _builder_version=\u00bb4.16&#8243; custom_padding=\u00bb|||\u00bb global_colors_info=\u00bb{}\u00bb custom_padding__hover=\u00bb|||\u00bb][et_pb_blurb title=\u00bbWifi y fibra\u00bb use_icon=\u00bbon\u00bb font_icon=\u00bb&#x35;||divi||400&#8243; icon_color=\u00bb#8C66F7&#8243; icon_placement=\u00bbleft\u00bb image_icon_width=\u00bb23px\u00bb image_icon_width_tablet=\u00bb23px\u00bb image_icon_width_phone=\u00bb20px\u00bb image_icon_width_last_edited=\u00bbon|phone\u00bb _builder_version=\u00bb4.25.1&#8243; header_level=\u00bbh5&#8243; header_font=\u00bbAlice|700|||||||\u00bb header_font_size=\u00bb16px\u00bb header_line_height=\u00bb1.2em\u00bb body_font=\u00bb||||||||\u00bb body_line_height=\u00bb2em\u00bb header_font_size_tablet=\u00bb20px\u00bb header_font_size_phone=\u00bb18px\u00bb header_font_size_last_edited=\u00bbon|phone\u00bb icon_font_size=\u00bb23px\u00bb global_colors_info=\u00bb{}\u00bb][\/et_pb_blurb][et_pb_blurb title=\u00bbMicroondas\u00bb use_icon=\u00bbon\u00bb font_icon=\u00bb&#x35;||divi||400&#8243; icon_color=\u00bb#8C66F7&#8243; icon_placement=\u00bbleft\u00bb image_icon_width=\u00bb23px\u00bb image_icon_width_tablet=\u00bb23px\u00bb image_icon_width_phone=\u00bb20px\u00bb image_icon_width_last_edited=\u00bbon|phone\u00bb _builder_version=\u00bb4.25.1&#8243; header_level=\u00bbh5&#8243; header_font=\u00bbAlice|700|||||||\u00bb header_font_size=\u00bb16px\u00bb header_line_height=\u00bb1.2em\u00bb body_font=\u00bb||||||||\u00bb body_line_height=\u00bb2em\u00bb header_font_size_tablet=\u00bb20px\u00bb header_font_size_phone=\u00bb18px\u00bb header_font_size_last_edited=\u00bbon|phone\u00bb icon_font_size=\u00bb23px\u00bb global_colors_info=\u00bb{}\u00bb][\/et_pb_blurb][et_pb_blurb title=\u00bbLavavajillas\u00bb use_icon=\u00bbon\u00bb font_icon=\u00bb&#x35;||divi||400&#8243; icon_color=\u00bb#8C66F7&#8243; icon_placement=\u00bbleft\u00bb image_icon_width=\u00bb23px\u00bb image_icon_width_tablet=\u00bb23px\u00bb image_icon_width_phone=\u00bb20px\u00bb image_icon_width_last_edited=\u00bbon|phone\u00bb _builder_version=\u00bb4.25.1&#8243; header_level=\u00bbh5&#8243; header_font=\u00bbAlice|700|||||||\u00bb header_font_size=\u00bb16px\u00bb header_line_height=\u00bb1.2em\u00bb body_font=\u00bb||||||||\u00bb body_line_height=\u00bb2em\u00bb header_font_size_tablet=\u00bb20px\u00bb header_font_size_phone=\u00bb18px\u00bb header_font_size_last_edited=\u00bbon|phone\u00bb icon_font_size=\u00bb23px\u00bb global_colors_info=\u00bb{}\u00bb][\/et_pb_blurb][et_pb_blurb title=\u00bbPlancha de gas\u00bb use_icon=\u00bbon\u00bb font_icon=\u00bb&#x35;||divi||400&#8243; icon_color=\u00bb#8C66F7&#8243; icon_placement=\u00bbleft\u00bb image_icon_width=\u00bb23px\u00bb image_icon_width_tablet=\u00bb23px\u00bb image_icon_width_phone=\u00bb20px\u00bb image_icon_width_last_edited=\u00bbon|phone\u00bb _builder_version=\u00bb4.25.1&#8243; header_level=\u00bbh5&#8243; header_font=\u00bbAlice|700|||||||\u00bb header_font_size=\u00bb16px\u00bb header_line_height=\u00bb1.2em\u00bb body_font=\u00bb||||||||\u00bb body_line_height=\u00bb2em\u00bb header_font_size_tablet=\u00bb20px\u00bb header_font_size_phone=\u00bb18px\u00bb header_font_size_last_edited=\u00bbon|phone\u00bb icon_font_size=\u00bb23px\u00bb global_colors_info=\u00bb{}\u00bb][\/et_pb_blurb][et_pb_blurb title=\u00bbCafetera expr\u00e9s de alta gama\u00bb use_icon=\u00bbon\u00bb font_icon=\u00bb&#x35;||divi||400&#8243; icon_color=\u00bb#8C66F7&#8243; icon_placement=\u00bbleft\u00bb image_icon_width=\u00bb23px\u00bb image_icon_width_tablet=\u00bb23px\u00bb image_icon_width_phone=\u00bb20px\u00bb image_icon_width_last_edited=\u00bbon|phone\u00bb _builder_version=\u00bb4.25.1&#8243; header_level=\u00bbh5&#8243; header_font=\u00bbAlice|700|||||||\u00bb header_font_size=\u00bb16px\u00bb header_line_height=\u00bb1.2em\u00bb body_font=\u00bb||||||||\u00bb body_line_height=\u00bb2em\u00bb header_font_size_tablet=\u00bb20px\u00bb header_font_size_phone=\u00bb18px\u00bb header_font_size_last_edited=\u00bbon|phone\u00bb icon_font_size=\u00bb23px\u00bb global_colors_info=\u00bb{}\u00bb][\/et_pb_blurb][et_pb_blurb title=\u00bbSecador de toallas\u00bb use_icon=\u00bbon\u00bb font_icon=\u00bb&#x35;||divi||400&#8243; icon_color=\u00bb#8C66F7&#8243; icon_placement=\u00bbleft\u00bb image_icon_width=\u00bb23px\u00bb image_icon_width_tablet=\u00bb23px\u00bb image_icon_width_phone=\u00bb20px\u00bb image_icon_width_last_edited=\u00bbon|phone\u00bb _builder_version=\u00bb4.25.1&#8243; header_level=\u00bbh5&#8243; header_font=\u00bbAlice|700|||||||\u00bb header_font_size=\u00bb16px\u00bb header_line_height=\u00bb1.2em\u00bb body_font=\u00bb||||||||\u00bb body_line_height=\u00bb2em\u00bb header_font_size_tablet=\u00bb20px\u00bb header_font_size_phone=\u00bb18px\u00bb header_font_size_last_edited=\u00bbon|phone\u00bb icon_font_size=\u00bb23px\u00bb global_colors_info=\u00bb{}\u00bb][\/et_pb_blurb][et_pb_blurb title=\u00bbSecador de pelo\u00bb use_icon=\u00bbon\u00bb font_icon=\u00bb&#x35;||divi||400&#8243; icon_color=\u00bb#8C66F7&#8243; icon_placement=\u00bbleft\u00bb image_icon_width=\u00bb23px\u00bb image_icon_width_tablet=\u00bb23px\u00bb image_icon_width_phone=\u00bb20px\u00bb image_icon_width_last_edited=\u00bbon|phone\u00bb _builder_version=\u00bb4.25.1&#8243; header_level=\u00bbh5&#8243; header_font=\u00bbAlice|700|||||||\u00bb header_font_size=\u00bb16px\u00bb header_line_height=\u00bb1.2em\u00bb body_font=\u00bb||||||||\u00bb body_line_height=\u00bb2em\u00bb header_font_size_tablet=\u00bb20px\u00bb header_font_size_phone=\u00bb18px\u00bb header_font_size_last_edited=\u00bbon|phone\u00bb icon_font_size=\u00bb23px\u00bb global_colors_info=\u00bb{}\u00bb][\/et_pb_blurb][et_pb_blurb title=\u00bbCamilla\u00bb use_icon=\u00bbon\u00bb font_icon=\u00bb&#x35;||divi||400&#8243; icon_color=\u00bb#8C66F7&#8243; icon_placement=\u00bbleft\u00bb image_icon_width=\u00bb23px\u00bb image_icon_width_tablet=\u00bb23px\u00bb image_icon_width_phone=\u00bb20px\u00bb image_icon_width_last_edited=\u00bbon|phone\u00bb _builder_version=\u00bb4.25.1&#8243; header_level=\u00bbh5&#8243; header_font=\u00bbAlice|700|||||||\u00bb header_font_size=\u00bb16px\u00bb header_line_height=\u00bb1.2em\u00bb body_font=\u00bb||||||||\u00bb body_line_height=\u00bb2em\u00bb header_font_size_tablet=\u00bb20px\u00bb header_font_size_phone=\u00bb18px\u00bb header_font_size_last_edited=\u00bbon|phone\u00bb icon_font_size=\u00bb23px\u00bb global_colors_info=\u00bb{}\u00bb][\/et_pb_blurb][et_pb_blurb title=\u00bbHoover\u00bb use_icon=\u00bbon\u00bb font_icon=\u00bb&#x35;||divi||400&#8243; icon_color=\u00bb#8C66F7&#8243; icon_placement=\u00bbleft\u00bb image_icon_width=\u00bb23px\u00bb image_icon_width_tablet=\u00bb23px\u00bb image_icon_width_phone=\u00bb20px\u00bb image_icon_width_last_edited=\u00bbon|phone\u00bb _builder_version=\u00bb4.25.1&#8243; header_level=\u00bbh5&#8243; header_font=\u00bbAlice|700|||||||\u00bb header_font_size=\u00bb16px\u00bb header_line_height=\u00bb1.2em\u00bb body_font=\u00bb||||||||\u00bb body_line_height=\u00bb2em\u00bb header_font_size_tablet=\u00bb20px\u00bb header_font_size_phone=\u00bb18px\u00bb header_font_size_last_edited=\u00bbon|phone\u00bb icon_font_size=\u00bb23px\u00bb global_colors_info=\u00bb{}\u00bb][\/et_pb_blurb][\/et_pb_column][\/et_pb_row][\/et_pb_section][et_pb_section fb_built=\u00bb1&#8243; custom_padding_last_edited=\u00bbon|phone\u00bb _builder_version=\u00bb4.25.1&#8243; _module_preset=\u00bbdefault\u00bb custom_padding=\u00bb30px||60px||false|false\u00bb custom_padding_tablet=\u00bb0px||||false|false\u00bb custom_padding_phone=\u00bb0px||0px||false|false\u00bb locked=\u00bboff\u00bb global_colors_info=\u00bb{}\u00bb][et_pb_row custom_padding_last_edited=\u00bbon|tablet\u00bb _builder_version=\u00bb4.25.1&#8243; _module_preset=\u00bbdefault\u00bb custom_padding_tablet=\u00bb10px||||false|false\u00bb custom_padding_phone=\u00bb10px||||false|false\u00bb global_colors_info=\u00bb{}\u00bb][et_pb_column type=\u00bb4_4&#8243; _builder_version=\u00bb4.24.2&#8243; _module_preset=\u00bbdefault\u00bb global_colors_info=\u00bb{}\u00bb][et_pb_text _builder_version=\u00bb4.25.1&#8243; _module_preset=\u00bbdefault\u00bb text_font=\u00bb|600|||||||\u00bb text_orientation=\u00bbcenter\u00bb text_font_size_tablet=\u00bb\u00bb text_font_size_phone=\u00bb14px\u00bb text_font_size_last_edited=\u00bbon|phone\u00bb global_colors_info=\u00bb{}\u00bb]<\/p>\n<p><strong>Villaveyron<\/strong> tiene algunos <strong>lugares estupendos<\/strong> que visitar y <strong>cosas que hacer<\/strong> durante tu <strong>estancia<\/strong>.<\/p>\n<p>[\/et_pb_text][\/et_pb_column][\/et_pb_row][et_pb_row _builder_version=\u00bb4.25.1&#8243; _module_preset=\u00bbdefault\u00bb custom_margin_tablet=\u00bb\u00bb custom_margin_phone=\u00bb||50px||false|false\u00bb custom_margin_last_edited=\u00bbon|phone\u00bb custom_padding=\u00bb0px||0px||false|false\u00bb global_colors_info=\u00bb{}\u00bb][et_pb_column type=\u00bb4_4&#8243; _builder_version=\u00bb4.24.2&#8243; _module_preset=\u00bbdefault\u00bb global_colors_info=\u00bb{}\u00bb][et_pb_button button_url=\u00bbhttps:\/\/villaveyron.com\/es\/actividades\/\u00bb button_text=\u00bbDescubre nuestras actividades\u00bb button_alignment=\u00bbcenter\u00bb _builder_version=\u00bb4.25.1&#8243; _module_preset=\u00bbdefault\u00bb custom_button=\u00bbon\u00bb button_text_size=\u00bb16px\u00bb button_text_color=\u00bb#8C66F7&#8243; button_bg_color=\u00bb#FFFFFF\u00bb button_border_color=\u00bb#8C66F7&#8243; button_border_radius=\u00bb2px\u00bb custom_margin=\u00bb||||false|false\u00bb custom_padding=\u00bb||||false|false\u00bb button_text_size_tablet=\u00bb16px\u00bb button_text_size_phone=\u00bb14px\u00bb button_text_size_last_edited=\u00bbon|phone\u00bb global_colors_info=\u00bb{}\u00bb][\/et_pb_button][\/et_pb_column][\/et_pb_row][\/et_pb_section]<\/p>\n","protected":false},"excerpt":{"rendered":"<p>Acerca de LA VILLACASA DE VACACIONES AMUEBLADA &#8211; VILLAVEYRON Discretamente enclavado entre algunos de los pueblos m\u00e1s bellos de Francia, en el norte deAveyron, Villaveyron es un remanso de lujo y serenidad. A s\u00f3lo 30 minutos de Rodez, a 1 hora deAubrac y Cantal, ven a recargar las pilas al ritmo de la naturaleza y [&hellip;]<\/p>\n","protected":false},"author":1,"featured_media":0,"parent":0,"menu_order":0,"comment_status":"closed","ping_status":"closed","template":"","meta":{"_et_pb_use_builder":"on","_et_pb_old_content":"","_et_gb_content_width":"","inline_featured_image":false,"footnotes":""},"class_list":["post-1374","page","type-page","status-publish","hentry"],"yoast_head":"<!-- This site is optimized with the Yoast SEO plugin v27.5 - https:\/\/yoast.com\/product\/yoast-seo-wordpress\/ -->\n<title>Alojamiento amueblado Villaveyron<\/title>\n<meta name=\"description\" content=\"Descubre nuestro alojamiento en Villaveyron, discretamente escondido cerca de algunos de los pueblos m\u00e1s bonitos del norte de Aveyron.\" \/>\n<meta name=\"robots\" content=\"index, follow, max-snippet:-1, max-image-preview:large, max-video-preview:-1\" \/>\n<link rel=\"canonical\" href=\"https:\/\/villaveyron.com\/es\/la-villa\/\" \/>\n<meta property=\"og:locale\" content=\"es_ES\" \/>\n<meta property=\"og:type\" content=\"article\" \/>\n<meta property=\"og:title\" content=\"Alojamiento amueblado Villaveyron\" \/>\n<meta property=\"og:description\" content=\"Descubre nuestro alojamiento en Villaveyron, discretamente escondido cerca de algunos de los pueblos m\u00e1s bonitos del norte de Aveyron.\" \/>\n<meta property=\"og:url\" content=\"https:\/\/villaveyron.com\/es\/la-villa\/\" \/>\n<meta property=\"og:site_name\" content=\"Villaveyron\" \/>\n<meta property=\"article:modified_time\" content=\"2024-06-21T11:22:48+00:00\" \/>\n<meta name=\"twitter:card\" content=\"summary_large_image\" \/>\n<meta name=\"twitter:label1\" content=\"Tiempo de lectura\" \/>\n\t<meta name=\"twitter:data1\" content=\"42 minutos\" \/>\n<script type=\"application\/ld+json\" class=\"yoast-schema-graph\">{\"@context\":\"https:\\\/\\\/schema.org\",\"@graph\":[{\"@type\":\"WebPage\",\"@id\":\"https:\\\/\\\/villaveyron.com\\\/es\\\/la-villa\\\/\",\"url\":\"https:\\\/\\\/villaveyron.com\\\/es\\\/la-villa\\\/\",\"name\":\"Alojamiento amueblado Villaveyron\",\"isPartOf\":{\"@id\":\"https:\\\/\\\/villaveyron.com\\\/es\\\/#website\"},\"datePublished\":\"2024-02-27T21:33:08+00:00\",\"dateModified\":\"2024-06-21T11:22:48+00:00\",\"description\":\"Descubre nuestro alojamiento en Villaveyron, discretamente escondido cerca de algunos de los pueblos m\u00e1s bonitos del norte de Aveyron.\",\"breadcrumb\":{\"@id\":\"https:\\\/\\\/villaveyron.com\\\/es\\\/la-villa\\\/#breadcrumb\"},\"inLanguage\":\"es\",\"potentialAction\":[{\"@type\":\"ReadAction\",\"target\":[\"https:\\\/\\\/villaveyron.com\\\/es\\\/la-villa\\\/\"]}]},{\"@type\":\"BreadcrumbList\",\"@id\":\"https:\\\/\\\/villaveyron.com\\\/es\\\/la-villa\\\/#breadcrumb\",\"itemListElement\":[{\"@type\":\"ListItem\",\"position\":1,\"name\":\"Accueil\",\"item\":\"https:\\\/\\\/villaveyron.com\\\/es\\\/\"},{\"@type\":\"ListItem\",\"position\":2,\"name\":\"La villa\"}]},{\"@type\":\"WebSite\",\"@id\":\"https:\\\/\\\/villaveyron.com\\\/es\\\/#website\",\"url\":\"https:\\\/\\\/villaveyron.com\\\/es\\\/\",\"name\":\"Villaveyron\",\"description\":\"Villaveyron\",\"potentialAction\":[{\"@type\":\"SearchAction\",\"target\":{\"@type\":\"EntryPoint\",\"urlTemplate\":\"https:\\\/\\\/villaveyron.com\\\/es\\\/?s={search_term_string}\"},\"query-input\":{\"@type\":\"PropertyValueSpecification\",\"valueRequired\":true,\"valueName\":\"search_term_string\"}}],\"inLanguage\":\"es\"}]}<\/script>\n<!-- \/ Yoast SEO plugin. -->","yoast_head_json":{"title":"Alojamiento amueblado Villaveyron","description":"Descubre nuestro alojamiento en Villaveyron, discretamente escondido cerca de algunos de los pueblos m\u00e1s bonitos del norte de Aveyron.","robots":{"index":"index","follow":"follow","max-snippet":"max-snippet:-1","max-image-preview":"max-image-preview:large","max-video-preview":"max-video-preview:-1"},"canonical":"https:\/\/villaveyron.com\/es\/la-villa\/","og_locale":"es_ES","og_type":"article","og_title":"Alojamiento amueblado Villaveyron","og_description":"Descubre nuestro alojamiento en Villaveyron, discretamente escondido cerca de algunos de los pueblos m\u00e1s bonitos del norte de Aveyron.","og_url":"https:\/\/villaveyron.com\/es\/la-villa\/","og_site_name":"Villaveyron","article_modified_time":"2024-06-21T11:22:48+00:00","twitter_card":"summary_large_image","twitter_misc":{"Tiempo de lectura":"42 minutos"},"schema":{"@context":"https:\/\/schema.org","@graph":[{"@type":"WebPage","@id":"https:\/\/villaveyron.com\/es\/la-villa\/","url":"https:\/\/villaveyron.com\/es\/la-villa\/","name":"Alojamiento amueblado Villaveyron","isPartOf":{"@id":"https:\/\/villaveyron.com\/es\/#website"},"datePublished":"2024-02-27T21:33:08+00:00","dateModified":"2024-06-21T11:22:48+00:00","description":"Descubre nuestro alojamiento en Villaveyron, discretamente escondido cerca de algunos de los pueblos m\u00e1s bonitos del norte de Aveyron.","breadcrumb":{"@id":"https:\/\/villaveyron.com\/es\/la-villa\/#breadcrumb"},"inLanguage":"es","potentialAction":[{"@type":"ReadAction","target":["https:\/\/villaveyron.com\/es\/la-villa\/"]}]},{"@type":"BreadcrumbList","@id":"https:\/\/villaveyron.com\/es\/la-villa\/#breadcrumb","itemListElement":[{"@type":"ListItem","position":1,"name":"Accueil","item":"https:\/\/villaveyron.com\/es\/"},{"@type":"ListItem","position":2,"name":"La villa"}]},{"@type":"WebSite","@id":"https:\/\/villaveyron.com\/es\/#website","url":"https:\/\/villaveyron.com\/es\/","name":"Villaveyron","description":"Villaveyron","potentialAction":[{"@type":"SearchAction","target":{"@type":"EntryPoint","urlTemplate":"https:\/\/villaveyron.com\/es\/?s={search_term_string}"},"query-input":{"@type":"PropertyValueSpecification","valueRequired":true,"valueName":"search_term_string"}}],"inLanguage":"es"}]}},"_links":{"self":[{"href":"https:\/\/villaveyron.com\/es\/wp-json\/wp\/v2\/pages\/1374","targetHints":{"allow":["GET"]}}],"collection":[{"href":"https:\/\/villaveyron.com\/es\/wp-json\/wp\/v2\/pages"}],"about":[{"href":"https:\/\/villaveyron.com\/es\/wp-json\/wp\/v2\/types\/page"}],"author":[{"embeddable":true,"href":"https:\/\/villaveyron.com\/es\/wp-json\/wp\/v2\/users\/1"}],"replies":[{"embeddable":true,"href":"https:\/\/villaveyron.com\/es\/wp-json\/wp\/v2\/comments?post=1374"}],"version-history":[{"count":19,"href":"https:\/\/villaveyron.com\/es\/wp-json\/wp\/v2\/pages\/1374\/revisions"}],"predecessor-version":[{"id":2384,"href":"https:\/\/villaveyron.com\/es\/wp-json\/wp\/v2\/pages\/1374\/revisions\/2384"}],"wp:attachment":[{"href":"https:\/\/villaveyron.com\/es\/wp-json\/wp\/v2\/media?parent=1374"}],"curies":[{"name":"wp","href":"https:\/\/api.w.org\/{rel}","templated":true}]}}